{"id":26038,"date":"2025-09-01T08:33:22","date_gmt":"2025-09-01T08:33:22","guid":{"rendered":"https:\/\/www.maag-polska.pl\/obrzeza-meblowe\/d8-6-ecco-walnut\/"},"modified":"2025-09-01T09:12:53","modified_gmt":"2025-09-01T09:12:53","slug":"d8-6-ecco-walnut","status":"publish","type":"product","link":"https:\/\/www.maag-polska.pl\/ro\/obrzeza-meblowe\/d8-6-ecco-walnut\/","title":{"rendered":"Margini Mobilier D8\/6 ECCO WALNUT"},"content":{"rendered":"<div>\n<p>Borduri profesionale din PVC concepute pentru o rezisten\u021b\u0103 excep\u021bional\u0103 \u00een finisaj D8\/6 ORZECH ECCO. Acest material de \u00eenalt\u0103 calitate pentru prelucrarea lemnului prezint\u0103 rezisten\u021b\u0103 \u00eembun\u0103t\u0103\u021bit\u0103 la UV \u0219i stabilitate a culorii, men\u021bin\u00e2ndu-\u0219i aspectul bogat de nuc chiar \u0219i la expunere intens\u0103. Compozi\u021bia din PVC pur ofer\u0103 o rezisten\u021b\u0103 superioar\u0103 la impact la margini \u0219i col\u021buri, f\u0103c\u00e2ndu-l ideal pentru aplica\u021bii de mobilier cu trafic intens. La o grosime de 0,6 mm, aceast\u0103 band\u0103 de margine ofer\u0103 o protec\u021bie optim\u0103, asigur\u00e2nd \u00een acela\u0219i timp o integrare perfect\u0103 cu suprafe\u021bele pl\u0103cilor.<\/p>\n<p>Eficientiza\u021bi-v\u0103 produc\u021bia de mobilier cu aceast\u0103 band\u0103 de margine din PVC proiectat\u0103 eficient, care ader\u0103 rapid \u0219i curat la marginile pl\u0103cilor. Suprafa\u021ba proiectat\u0103 cu precizie necesit\u0103 o preg\u0103tire minim\u0103 \u0219i se lipe\u0219te eficient cu adezivii standard, reduc\u00e2nd semnificativ timpul de instalare. Structura sa consistent\u0103 permite t\u0103ierea lin\u0103 cu pierderi minime, \u00een timp ce l\u0103\u021bimea optimizat\u0103 asigur\u0103 acoperirea complet\u0103 a marginilor \u00eentr-o singur\u0103 aplicare. Perfect pentru profesioni\u0219tii din prelucrarea lemnului care doresc s\u0103 echilibreze calitatea cu fluxul de lucru productiv.<\/p>\n<\/div>\n","protected":false},"excerpt":{"rendered":"<p>19&#215;2*; 22&#215;0,6; 22&#215;1; 22&#215;2; 28&#215;2*; 32&#215;2*; 35&#215;1*; 42&#215;2<\/p>\n","protected":false},"featured_media":24295,"comment_status":"closed","ping_status":"open","template":"","meta":{"_acf_changed":false},"product_brand":[],"product_cat":[1209],"product_tag":[],"class_list":{"0":"post-26038","1":"product","2":"type-product","3":"status-publish","4":"has-post-thumbnail","6":"product_cat-margini-mobilier","8":"first","9":"instock","10":"product-type-simple"},"acf":[],"_links":{"self":[{"href":"https:\/\/www.maag-polska.pl\/ro\/wp-json\/wp\/v2\/product\/26038","targetHints":{"allow":["GET"]}}],"collection":[{"href":"https:\/\/www.maag-polska.pl\/ro\/wp-json\/wp\/v2\/product"}],"about":[{"href":"https:\/\/www.maag-polska.pl\/ro\/wp-json\/wp\/v2\/types\/product"}],"replies":[{"embeddable":true,"href":"https:\/\/www.maag-polska.pl\/ro\/wp-json\/wp\/v2\/comments?post=26038"}],"wp:featuredmedia":[{"embeddable":true,"href":"https:\/\/www.maag-polska.pl\/ro\/wp-json\/wp\/v2\/media\/24295"}],"wp:attachment":[{"href":"https:\/\/www.maag-polska.pl\/ro\/wp-json\/wp\/v2\/media?parent=26038"}],"wp:term":[{"taxonomy":"product_brand","embeddable":true,"href":"https:\/\/www.maag-polska.pl\/ro\/wp-json\/wp\/v2\/product_brand?post=26038"},{"taxonomy":"product_cat","embeddable":true,"href":"https:\/\/www.maag-polska.pl\/ro\/wp-json\/wp\/v2\/product_cat?post=26038"},{"taxonomy":"product_tag","embeddable":true,"href":"https:\/\/www.maag-polska.pl\/ro\/wp-json\/wp\/v2\/product_tag?post=26038"}],"curies":[{"name":"wp","href":"https:\/\/api.w.org\/{rel}","templated":true}]}}