{"id":26027,"date":"2025-09-01T08:33:22","date_gmt":"2025-09-01T08:33:22","guid":{"rendered":"https:\/\/www.maag-polska.pl\/obrzeza-meblowe\/d8-13-hazelnut\/"},"modified":"2025-09-01T09:12:47","modified_gmt":"2025-09-01T09:12:47","slug":"d8-13-hazelnut","status":"publish","type":"product","link":"https:\/\/www.maag-polska.pl\/ro\/obrzeza-meblowe\/d8-13-hazelnut\/","title":{"rendered":"Margini Mobilier D8\/13 HAZELNUT"},"content":{"rendered":"<div>\n<p>Banda de margine din PVC D8\/13 ORZECH LASKOWY de \u00eenalt\u0103 performan\u021b\u0103 ofer\u0103 o grosime de 0,8 mm proiectat\u0103 cu precizie cu polimeri avansa\u021bi stabiliza\u021bi la UV. Aceast\u0103 band\u0103 de margine rafinat\u0103 din punct de vedere tehnic \u00eencorporeaz\u0103 tehnologia de extrudare cu mai multe straturi, asigur\u00e2nd o distribu\u021bie consistent\u0103 a culorii \u00een \u00eentreaga structur\u0103 a materialului. Testat \u00een laborator pentru 720 de ore de expunere la UV, men\u021bin\u00e2nd stabilitatea culorii \u00een parametrii Delta E\u22642. Compozi\u021bia PVC pur atinge o temperatur\u0103 optim\u0103 de fuziune la 180-200\u00b0C, facilit\u00e2nd aderen\u021ba f\u0103r\u0103 sudur\u0103 la substraturile de plac\u0103.<\/p>\n<p>Banda de cant ORZECH LASKOWY D8\/13 eficientizeaz\u0103 produc\u021bia de mobilier cu caracteristicile sale eficiente de procesare, reduc\u00e2nd risipa de material la sub 2% \u00een aplica\u021biile automate. Toleran\u021ba dimensional\u0103 precis\u0103 a materialului pentru prelucrarea lemnului de \u00b1 0,05 mm asigur\u0103 rezultate consistente \u00een produc\u021bia la scar\u0103 larg\u0103. Aceast\u0103 solu\u021bie de margine a mobilierului \u00ee\u0219i men\u021bine tonul de alune f\u0103r\u0103 schimbarea culorii, prelungind ciclul de via\u021b\u0103 al mobilierului \u0219i reduc\u00e2nd cererile de garan\u021bie. Tensiunea de suprafa\u021b\u0103 optimizat\u0103 a benzilor de margine permite lipirea superioar\u0103 a adezivului, minimiz\u00e2nd apelurile post-instalare \u0219i costurile de \u00eentre\u021binere.<\/p>\n<\/div>\n","protected":false},"excerpt":{"rendered":"<p>22&#215;1<\/p>\n","protected":false},"featured_media":24270,"comment_status":"closed","ping_status":"open","template":"","meta":{"_acf_changed":false},"product_brand":[],"product_cat":[1209],"product_tag":[],"class_list":{"0":"post-26027","1":"product","2":"type-product","3":"status-publish","4":"has-post-thumbnail","6":"product_cat-margini-mobilier","8":"first","9":"instock","10":"product-type-simple"},"acf":[],"_links":{"self":[{"href":"https:\/\/www.maag-polska.pl\/ro\/wp-json\/wp\/v2\/product\/26027","targetHints":{"allow":["GET"]}}],"collection":[{"href":"https:\/\/www.maag-polska.pl\/ro\/wp-json\/wp\/v2\/product"}],"about":[{"href":"https:\/\/www.maag-polska.pl\/ro\/wp-json\/wp\/v2\/types\/product"}],"replies":[{"embeddable":true,"href":"https:\/\/www.maag-polska.pl\/ro\/wp-json\/wp\/v2\/comments?post=26027"}],"wp:featuredmedia":[{"embeddable":true,"href":"https:\/\/www.maag-polska.pl\/ro\/wp-json\/wp\/v2\/media\/24270"}],"wp:attachment":[{"href":"https:\/\/www.maag-polska.pl\/ro\/wp-json\/wp\/v2\/media?parent=26027"}],"wp:term":[{"taxonomy":"product_brand","embeddable":true,"href":"https:\/\/www.maag-polska.pl\/ro\/wp-json\/wp\/v2\/product_brand?post=26027"},{"taxonomy":"product_cat","embeddable":true,"href":"https:\/\/www.maag-polska.pl\/ro\/wp-json\/wp\/v2\/product_cat?post=26027"},{"taxonomy":"product_tag","embeddable":true,"href":"https:\/\/www.maag-polska.pl\/ro\/wp-json\/wp\/v2\/product_tag?post=26027"}],"curies":[{"name":"wp","href":"https:\/\/api.w.org\/{rel}","templated":true}]}}