{"id":26006,"date":"2025-09-01T08:33:04","date_gmt":"2025-09-01T08:33:04","guid":{"rendered":"https:\/\/www.maag-polska.pl\/obrzeza-meblowe\/d5-1-locarno-apple\/"},"modified":"2025-09-01T09:12:29","modified_gmt":"2025-09-01T09:12:29","slug":"d5-1-locarno-apple","status":"publish","type":"product","link":"https:\/\/www.maag-polska.pl\/ro\/obrzeza-meblowe\/d5-1-locarno-apple\/","title":{"rendered":"Margini Mobilier D5\/1 LOCARNO APPLE"},"content":{"rendered":"<div>\n<p>Bordul profesional D5\/1 JAB\u0141O\u0143 LOCARNO PVC ofer\u0103 o stabilitate dimensional\u0103 excep\u021bional\u0103 cu un profil precis de 1 mm grosime. Aceast\u0103 compozi\u021bie din PVC pur asigur\u0103 o ad\u00e2ncime constant\u0103 a culorii \u0219i men\u021bine integritatea structural\u0103 \u00een timpul varia\u021biilor de temperatur\u0103. Materialul prezint\u0103 rezisten\u021b\u0103 \u00eembun\u0103t\u0103\u021bit\u0103 la UV cu un strat protector specializat, prevenind decolorarea \u0219i degradarea la expunerea prelungit\u0103. Duritatea sa optimizat\u0103 a suprafe\u021bei de 75 Shore D se combin\u0103 cu o rezisten\u021b\u0103 excelent\u0103 la impact, f\u0103c\u00e2ndu-l ideal pentru aplica\u021bii cu trafic intens. Banda de margine men\u021bine stabilitatea culorii printr-un proces de pigmentare brevetat, asigur\u00e2nd c\u0103 tonul lemnului de m\u0103r r\u0103m\u00e2ne adev\u0103rat pe toat\u0103 durata de via\u021b\u0103.<\/p>\n<p>Potrivit \u00een special pentru produc\u021bia de mobil\u0103 comercial\u0103, unde durabilitatea \u00eendepline\u0219te cerin\u021bele estetice. Acest material pentru prelucrarea lemnului exceleaz\u0103 \u00een unit\u0103\u021bile de afi\u0219are de v\u00e2nzare cu am\u0103nuntul, sistemele de mobilier de birou \u0219i instala\u021biile de ospitalitate, unde aspectul constant este crucial. Specifica\u021biile precise ale benz\u0103rii de margini o fac compatibil\u0103 cu ma\u0219inile automate de bandare a marginilor, sus\u021bin\u00e2nd medii de produc\u021bie cu volum mare. Propriet\u0103\u021bile sale de aderen\u021b\u0103 fiabile \u0219i caracteristicile de t\u0103iere curat\u0103 reduc la minimum risipa \u00een timpul aplic\u0103rii, f\u0103c\u00e2ndu-l rentabil pentru produc\u021bia de mobilier la scar\u0103 larg\u0103. Recomandat at\u00e2t pentru aplica\u021bii drepte, c\u00e2t \u0219i curbate \u00een designul de mobilier modern, unde se dore\u0219te un finisaj natural din lemn de m\u0103r.<\/p>\n<\/div>\n","protected":false},"excerpt":{"rendered":"<p>22&#215;0,6; 22&#215;1; 22&#215;2; 28&#215;2*; 32&#215;2*; 35&#215;1*; 42&#215;2<\/p>\n","protected":false},"featured_media":24213,"comment_status":"closed","ping_status":"open","template":"","meta":{"_acf_changed":false},"product_brand":[],"product_cat":[1209],"product_tag":[],"class_list":{"0":"post-26006","1":"product","2":"type-product","3":"status-publish","4":"has-post-thumbnail","6":"product_cat-margini-mobilier","8":"first","9":"instock","10":"product-type-simple"},"acf":[],"_links":{"self":[{"href":"https:\/\/www.maag-polska.pl\/ro\/wp-json\/wp\/v2\/product\/26006","targetHints":{"allow":["GET"]}}],"collection":[{"href":"https:\/\/www.maag-polska.pl\/ro\/wp-json\/wp\/v2\/product"}],"about":[{"href":"https:\/\/www.maag-polska.pl\/ro\/wp-json\/wp\/v2\/types\/product"}],"replies":[{"embeddable":true,"href":"https:\/\/www.maag-polska.pl\/ro\/wp-json\/wp\/v2\/comments?post=26006"}],"wp:featuredmedia":[{"embeddable":true,"href":"https:\/\/www.maag-polska.pl\/ro\/wp-json\/wp\/v2\/media\/24213"}],"wp:attachment":[{"href":"https:\/\/www.maag-polska.pl\/ro\/wp-json\/wp\/v2\/media?parent=26006"}],"wp:term":[{"taxonomy":"product_brand","embeddable":true,"href":"https:\/\/www.maag-polska.pl\/ro\/wp-json\/wp\/v2\/product_brand?post=26006"},{"taxonomy":"product_cat","embeddable":true,"href":"https:\/\/www.maag-polska.pl\/ro\/wp-json\/wp\/v2\/product_cat?post=26006"},{"taxonomy":"product_tag","embeddable":true,"href":"https:\/\/www.maag-polska.pl\/ro\/wp-json\/wp\/v2\/product_tag?post=26006"}],"curies":[{"name":"wp","href":"https:\/\/api.w.org\/{rel}","templated":true}]}}