{"id":26004,"date":"2025-09-01T08:33:04","date_gmt":"2025-09-01T08:33:04","guid":{"rendered":"https:\/\/www.maag-polska.pl\/obrzeza-meblowe\/d42-1-woodgrain-dark\/"},"modified":"2025-09-01T09:12:28","modified_gmt":"2025-09-01T09:12:28","slug":"d42-1-woodgrain-dark","status":"publish","type":"product","link":"https:\/\/www.maag-polska.pl\/ro\/obrzeza-meblowe\/d42-1-woodgrain-dark\/","title":{"rendered":"Margini Mobilier D42\/1 WOODGRAIN DARK"},"content":{"rendered":"<div>\n<p>Borduri din PVC din lemn de ulm bogat, nobil, care capteaz\u0103 caracterul autentic al lemnului de esen\u021b\u0103 tare premium. D42\/1 WOODGRAIN DARK prezint\u0103 tonuri \u00eenchise sofisticate \u0219i un model de granula\u021bie meticulos detaliat, care se potrive\u0219te perfect cu suprafe\u021bele Kronospan 5500 SU. Textura suprafe\u021bei creeaz\u0103 o experien\u021b\u0103 tactil\u0103 care nu se poate distinge aproape de furnirul din lemn natural.<\/p>\n<p>Aceast\u0103 band\u0103 de margine rezistent\u0103 la UV exceleaz\u0103 at\u00e2t \u00een proiectele reziden\u021biale, c\u00e2t \u0219i \u00een cele comerciale de prelucrare a lemnului. Fabricat din PVC pur, ofer\u0103 o stabilitate excep\u021bional\u0103 a culorii \u0219i rezisten\u021b\u0103 la impact, p\u0103str\u00e2nd \u00een acela\u0219i timp caracteristicile de procesare u\u0219oar\u0103. Versatilitatea materialului str\u0103luce\u0219te \u00een finisarea marginilor mobilierului, confec\u021bionarea dulapurilor \u0219i prelucrarea personalizat\u0103, cu de\u0219euri minime \u00een timpul aplic\u0103rii. Parametrii s\u0103i tehnici asigur\u0103 durabilitate de durat\u0103 \u00een medii cu trafic intens.<\/p>\n<\/div>\n","protected":false},"excerpt":{"rendered":"<p>22&#215;0,6; 22&#215;0,8; 22&#215;1; 22&#215;2; 35&#215;1*; 42&#215;2<\/p>\n","protected":false},"featured_media":24207,"comment_status":"closed","ping_status":"open","template":"","meta":{"_acf_changed":false},"product_brand":[],"product_cat":[1209],"product_tag":[],"class_list":{"0":"post-26004","1":"product","2":"type-product","3":"status-publish","4":"has-post-thumbnail","6":"product_cat-margini-mobilier","8":"first","9":"instock","10":"product-type-simple"},"acf":[],"_links":{"self":[{"href":"https:\/\/www.maag-polska.pl\/ro\/wp-json\/wp\/v2\/product\/26004","targetHints":{"allow":["GET"]}}],"collection":[{"href":"https:\/\/www.maag-polska.pl\/ro\/wp-json\/wp\/v2\/product"}],"about":[{"href":"https:\/\/www.maag-polska.pl\/ro\/wp-json\/wp\/v2\/types\/product"}],"replies":[{"embeddable":true,"href":"https:\/\/www.maag-polska.pl\/ro\/wp-json\/wp\/v2\/comments?post=26004"}],"wp:featuredmedia":[{"embeddable":true,"href":"https:\/\/www.maag-polska.pl\/ro\/wp-json\/wp\/v2\/media\/24207"}],"wp:attachment":[{"href":"https:\/\/www.maag-polska.pl\/ro\/wp-json\/wp\/v2\/media?parent=26004"}],"wp:term":[{"taxonomy":"product_brand","embeddable":true,"href":"https:\/\/www.maag-polska.pl\/ro\/wp-json\/wp\/v2\/product_brand?post=26004"},{"taxonomy":"product_cat","embeddable":true,"href":"https:\/\/www.maag-polska.pl\/ro\/wp-json\/wp\/v2\/product_cat?post=26004"},{"taxonomy":"product_tag","embeddable":true,"href":"https:\/\/www.maag-polska.pl\/ro\/wp-json\/wp\/v2\/product_tag?post=26004"}],"curies":[{"name":"wp","href":"https:\/\/api.w.org\/{rel}","templated":true}]}}