{"id":25925,"date":"2025-09-01T08:31:32","date_gmt":"2025-09-01T08:31:32","guid":{"rendered":"https:\/\/www.maag-polska.pl\/obrzeza-meblowe\/d4-1-light-oak\/"},"modified":"2025-09-01T09:11:17","modified_gmt":"2025-09-01T09:11:17","slug":"d4-1-light-oak","status":"publish","type":"product","link":"https:\/\/www.maag-polska.pl\/ro\/obrzeza-meblowe\/d4-1-light-oak\/","title":{"rendered":"Margini Mobilier D4\/1 LIGHT OAK"},"content":{"rendered":"<div>\n<p>Capt\u00e2nd esen\u021ba stejarului deschis, aceast\u0103 band\u0103 de margine din PVC prezint\u0103 un model de granula\u021bie delicat cu nuan\u021be calde subtile. D4\/1 D\u0104B JASNY ofer\u0103 un finisaj rafinat, contemporan, care se \u00eembin\u0103 perfect cu designul de mobilier modern. Suprafa\u021ba sa stabil\u0103 la culoare \u00ee\u0219i men\u021bine aspectul curat, rezist\u00e2nd la decolorare chiar \u0219i la expunerea prelungit\u0103 la lumina natural\u0103.<\/p>\n<p>Fabricat\u0103 din PVC pur, aceast\u0103 band\u0103 de cant exceleaz\u0103 at\u00e2t \u00een proiectele reziden\u021biale, c\u00e2t \u0219i \u00een cele comerciale de prelucrare a lemnului. Ingineria precis\u0103 a materialului asigur\u0103 t\u0103ieturi curate cu de\u0219euri minime \u00een timpul aplic\u0103rii, f\u0103c\u00e2ndu-l ideal pentru marginile mobilierului, finisarea dulapurilor \u0219i lucr\u0103rile de freza personalizat\u0103. Compozi\u021bia sa rezistent\u0103 la UV \u0219i structura rezistent\u0103 la impact ofer\u0103 durabilitate de durat\u0103, men\u021bin\u00e2nd \u00een acela\u0219i timp estetica natural\u0103 asem\u0103n\u0103toare lemnului, care completeaz\u0103 diverse scheme de design.<\/p>\n<\/div>\n","protected":false},"excerpt":{"rendered":"<p>22&#215;0,6; 22&#215;1; 22&#215;2; 28&#215;2*; 32&#215;2*; 35&#215;1*; 42&#215;2<\/p>\n","protected":false},"featured_media":23984,"comment_status":"closed","ping_status":"open","template":"","meta":{"_acf_changed":false},"product_brand":[],"product_cat":[1209],"product_tag":[],"class_list":{"0":"post-25925","1":"product","2":"type-product","3":"status-publish","4":"has-post-thumbnail","6":"product_cat-margini-mobilier","8":"first","9":"instock","10":"product-type-simple"},"acf":[],"_links":{"self":[{"href":"https:\/\/www.maag-polska.pl\/ro\/wp-json\/wp\/v2\/product\/25925","targetHints":{"allow":["GET"]}}],"collection":[{"href":"https:\/\/www.maag-polska.pl\/ro\/wp-json\/wp\/v2\/product"}],"about":[{"href":"https:\/\/www.maag-polska.pl\/ro\/wp-json\/wp\/v2\/types\/product"}],"replies":[{"embeddable":true,"href":"https:\/\/www.maag-polska.pl\/ro\/wp-json\/wp\/v2\/comments?post=25925"}],"wp:featuredmedia":[{"embeddable":true,"href":"https:\/\/www.maag-polska.pl\/ro\/wp-json\/wp\/v2\/media\/23984"}],"wp:attachment":[{"href":"https:\/\/www.maag-polska.pl\/ro\/wp-json\/wp\/v2\/media?parent=25925"}],"wp:term":[{"taxonomy":"product_brand","embeddable":true,"href":"https:\/\/www.maag-polska.pl\/ro\/wp-json\/wp\/v2\/product_brand?post=25925"},{"taxonomy":"product_cat","embeddable":true,"href":"https:\/\/www.maag-polska.pl\/ro\/wp-json\/wp\/v2\/product_cat?post=25925"},{"taxonomy":"product_tag","embeddable":true,"href":"https:\/\/www.maag-polska.pl\/ro\/wp-json\/wp\/v2\/product_tag?post=25925"}],"curies":[{"name":"wp","href":"https:\/\/api.w.org\/{rel}","templated":true}]}}