{"id":25917,"date":"2025-09-01T08:31:32","date_gmt":"2025-09-01T08:31:32","guid":{"rendered":"https:\/\/www.maag-polska.pl\/obrzeza-meblowe\/d30-6-smoked-liberty-elm\/"},"modified":"2025-09-01T09:11:11","modified_gmt":"2025-09-01T09:11:11","slug":"d30-6-smoked-liberty-elm","status":"publish","type":"product","link":"https:\/\/www.maag-polska.pl\/ro\/obrzeza-meblowe\/d30-6-smoked-liberty-elm\/","title":{"rendered":"Margini Mobilier D30\/6 SMOKED LIBERTY ELM"},"content":{"rendered":"<div>\n<p>Banda de margine D30\/6 WI\u0104Z LIBERTY DYMIONY capteaz\u0103 esen\u021ba sofisticat\u0103 a ulmului Liberty afumat, oferind un model rafinat de lemn care adaug\u0103 profunzime \u0219i caracter marginilor mobilierului. Tonul s\u0103u atent \u00eengrijit creeaz\u0103 un echilibru perfect \u00eentre tonurile calde \u0219i reci, f\u0103c\u00e2ndu-l o potrivire excep\u021bional\u0103 pentru suprafe\u021bele Kronospan K018 PW. Compozi\u021bia din PVC pur asigur\u0103 o stabilitate remarcabil\u0103 a culorii, p\u0103str\u00e2nd aspectul autentic asem\u0103n\u0103tor lemnului chiar \u0219i \u00een condi\u021bii variate de lumin\u0103.<\/p>\n<p>Aceast\u0103 band\u0103 de cant PVC versatil\u0103 exceleaz\u0103 at\u00e2t \u00een aplica\u021biile reziden\u021biale, c\u00e2t \u0219i \u00een cele comerciale ale materialelor pentru prelucrarea lemnului, av\u00e2nd o formul\u0103 rezistent\u0103 la UV care \u00ee\u0219i men\u021bine aspectul \u00een timp. L\u0103\u021bimea de 30 mm ofer\u0103 o acoperire optim\u0103 pentru grosimi standard de plac\u0103, \u00een timp ce fabricarea precis\u0103 asigur\u0103 pierderi minime \u00een timpul proces\u0103rii. Produc\u0103torii profesioni\u0219ti de mobil\u0103 apreciaz\u0103 caracteristicile sale de manipulare u\u0219oar\u0103 \u0219i propriet\u0103\u021bile puternice de aderen\u021b\u0103, f\u0103c\u00e2ndu-l ideal pentru finisarea marginilor pe dulapuri, rafturi \u0219i piese de mobilier personalizate.<\/p>\n<\/div>\n","protected":false},"excerpt":{"rendered":"<p>22&#215;0,6; 22&#215;1; 22&#215;2; 28&#215;2*; 32&#215;2*; 35&#215;1*; 42&#215;2<\/p>\n","protected":false},"featured_media":22576,"comment_status":"closed","ping_status":"open","template":"","meta":{"_acf_changed":false},"product_brand":[],"product_cat":[1209],"product_tag":[],"class_list":{"0":"post-25917","1":"product","2":"type-product","3":"status-publish","4":"has-post-thumbnail","6":"product_cat-margini-mobilier","8":"first","9":"instock","10":"product-type-simple"},"acf":[],"_links":{"self":[{"href":"https:\/\/www.maag-polska.pl\/ro\/wp-json\/wp\/v2\/product\/25917","targetHints":{"allow":["GET"]}}],"collection":[{"href":"https:\/\/www.maag-polska.pl\/ro\/wp-json\/wp\/v2\/product"}],"about":[{"href":"https:\/\/www.maag-polska.pl\/ro\/wp-json\/wp\/v2\/types\/product"}],"replies":[{"embeddable":true,"href":"https:\/\/www.maag-polska.pl\/ro\/wp-json\/wp\/v2\/comments?post=25917"}],"wp:featuredmedia":[{"embeddable":true,"href":"https:\/\/www.maag-polska.pl\/ro\/wp-json\/wp\/v2\/media\/22576"}],"wp:attachment":[{"href":"https:\/\/www.maag-polska.pl\/ro\/wp-json\/wp\/v2\/media?parent=25917"}],"wp:term":[{"taxonomy":"product_brand","embeddable":true,"href":"https:\/\/www.maag-polska.pl\/ro\/wp-json\/wp\/v2\/product_brand?post=25917"},{"taxonomy":"product_cat","embeddable":true,"href":"https:\/\/www.maag-polska.pl\/ro\/wp-json\/wp\/v2\/product_cat?post=25917"},{"taxonomy":"product_tag","embeddable":true,"href":"https:\/\/www.maag-polska.pl\/ro\/wp-json\/wp\/v2\/product_tag?post=25917"}],"curies":[{"name":"wp","href":"https:\/\/api.w.org\/{rel}","templated":true}]}}