{"id":25911,"date":"2025-09-01T08:31:12","date_gmt":"2025-09-01T08:31:12","guid":{"rendered":"https:\/\/www.maag-polska.pl\/obrzeza-meblowe\/d3-5-natural-beech\/"},"modified":"2025-09-01T09:11:04","modified_gmt":"2025-09-01T09:11:04","slug":"d3-5-natural-beech","status":"publish","type":"product","link":"https:\/\/www.maag-polska.pl\/ro\/obrzeza-meblowe\/d3-5-natural-beech\/","title":{"rendered":"Margini Mobilier D3\/5 NATURAL BEECH"},"content":{"rendered":"<div>\n<p>Band\u0103 de margine din fag natural D3\/5 premium realizat\u0103 din PVC pur, cu o grosime precis\u0103 de 3 mm \u0219i o l\u0103\u021bime de 5 cm pentru o acoperire optim\u0103. Aceast\u0103 band\u0103 de margine rezistent\u0103 la UV men\u021bine o stabilitate excep\u021bional\u0103 a culorii \u00een diferite condi\u021bii de iluminare. Compozi\u021bia materialului asigur\u0103 dilatare termic\u0103 minim\u0103 (\u22642,5%) \u0219i rezisten\u021b\u0103 ridicat\u0103 la trac\u021biune (\u226535 N\/mm\u00b2), f\u0103c\u00e2ndu-l ideal pentru materialele profesionale pentru prelucrarea lemnului. Suprafa\u021ba demonstreaz\u0103 o rezisten\u021b\u0103 excelent\u0103 la zg\u00e2rieturi (>2N) \u0219i ader\u0103 ferm cu adezivii topibili la 190-200\u00b0C.<\/p>\n<p>Conceput special pentru produc\u021bia de mobilier de ultim\u0103 genera\u021bie, unde se dore\u0219te estetica natural\u0103 a fagului. Aceast\u0103 band\u0103 de margine din PVC exceleaz\u0103 \u00een dulapuri comerciale, mobilier de birou \u0219i unit\u0103\u021bi de afi\u0219are de v\u00e2nzare cu am\u0103nuntul care necesit\u0103 cur\u0103\u021bare frecvent\u0103 \u0219i utilizare intens\u0103. Durabilitatea materialului \u00eel face deosebit de potrivit pentru institu\u021biile de \u00eenv\u0103\u021b\u0103m\u00e2nt \u0219i mediile de \u00eengrijire a s\u0103n\u0103t\u0103\u021bii \u00een care marginile mobilierului sunt \u00een contact constant. Perfect at\u00e2t pentru aplica\u021bii \u00een linie dreapt\u0103, c\u00e2t \u0219i pentru aplica\u021bii curbate \u00een proiectele moderne de prelucrare a lemnului, oferind o finisare curat\u0103 cu de\u0219euri minime \u00een timpul proces\u0103rii.<\/p>\n<\/div>\n","protected":false},"excerpt":{"rendered":"<p>22&#215;0,6; 22&#215;1; 22&#215;2; 28&#215;2*; 35&#215;1*; 42&#215;2<\/p>\n","protected":false},"featured_media":22563,"comment_status":"closed","ping_status":"open","template":"","meta":{"_acf_changed":false},"product_brand":[],"product_cat":[1209],"product_tag":[],"class_list":{"0":"post-25911","1":"product","2":"type-product","3":"status-publish","4":"has-post-thumbnail","6":"product_cat-margini-mobilier","8":"first","9":"instock","10":"product-type-simple"},"acf":[],"_links":{"self":[{"href":"https:\/\/www.maag-polska.pl\/ro\/wp-json\/wp\/v2\/product\/25911","targetHints":{"allow":["GET"]}}],"collection":[{"href":"https:\/\/www.maag-polska.pl\/ro\/wp-json\/wp\/v2\/product"}],"about":[{"href":"https:\/\/www.maag-polska.pl\/ro\/wp-json\/wp\/v2\/types\/product"}],"replies":[{"embeddable":true,"href":"https:\/\/www.maag-polska.pl\/ro\/wp-json\/wp\/v2\/comments?post=25911"}],"wp:featuredmedia":[{"embeddable":true,"href":"https:\/\/www.maag-polska.pl\/ro\/wp-json\/wp\/v2\/media\/22563"}],"wp:attachment":[{"href":"https:\/\/www.maag-polska.pl\/ro\/wp-json\/wp\/v2\/media?parent=25911"}],"wp:term":[{"taxonomy":"product_brand","embeddable":true,"href":"https:\/\/www.maag-polska.pl\/ro\/wp-json\/wp\/v2\/product_brand?post=25911"},{"taxonomy":"product_cat","embeddable":true,"href":"https:\/\/www.maag-polska.pl\/ro\/wp-json\/wp\/v2\/product_cat?post=25911"},{"taxonomy":"product_tag","embeddable":true,"href":"https:\/\/www.maag-polska.pl\/ro\/wp-json\/wp\/v2\/product_tag?post=25911"}],"curies":[{"name":"wp","href":"https:\/\/api.w.org\/{rel}","templated":true}]}}