{"id":25909,"date":"2025-09-01T08:31:12","date_gmt":"2025-09-01T08:31:12","guid":{"rendered":"https:\/\/www.maag-polska.pl\/obrzeza-meblowe\/d3-2-light-beech\/"},"modified":"2025-09-01T09:11:02","modified_gmt":"2025-09-01T09:11:02","slug":"d3-2-light-beech","status":"publish","type":"product","link":"https:\/\/www.maag-polska.pl\/ro\/obrzeza-meblowe\/d3-2-light-beech\/","title":{"rendered":"Margini Mobilier D3\/2 LIGHT BEECH"},"content":{"rendered":"<div>\n<p>Band\u0103 de margine din PVC din stejar str\u0103lucitor care capteaz\u0103 c\u0103ldura autentic\u0103 a fibrei lemnului natural, oferind un amestec perfect cu suprafe\u021bele de mobilier \u00een tonuri deschise. Finisajul D3\/2 BUK JASNY atent calibrat creeaz\u0103 profunzime \u0219i dimensiune, men\u021bin\u00e2nd \u00een acela\u0219i timp consisten\u021ba culorii pe \u00eentreaga band\u0103. Acest material de prelucrare a lemnului are o calitate impecabil\u0103 a suprafe\u021bei care spore\u0219te atractivitatea estetic\u0103 general\u0103 a pieselor dvs. de mobilier.<\/p>\n<p>Proiectat pentru aplicare versatil\u0103, aceast\u0103 band\u0103 de margine din PVC pur exceleaz\u0103 at\u00e2t \u00een mediile de procesare manual\u0103, c\u00e2t \u0219i automat\u0103. Compozi\u021bia materialului rezistent\u0103 la UV asigur\u0103 o stabilitate de durat\u0103 a culorii \u00een diferite condi\u021bii de iluminare, \u00een timp ce structura sa durabil\u0103 rezist\u0103 la uzura \u0219i impactul zilnic. Perfect pentru dulapuri de cant, unit\u0103\u021bi de rafturi \u0219i mobilier de birou, proceseaz\u0103 curat, cu de\u0219euri minime \u0219i ofer\u0103 o aderen\u021b\u0103 fiabil\u0103 pentru protec\u021bia pe termen lung a marginilor mobilierului.<\/p>\n<\/div>\n","protected":false},"excerpt":{"rendered":"<p>22&#215;0,6; 22&#215;1; 22&#215;2; 28&#215;2*; 32&#215;2*; 35&#215;1*; 42&#215;2<\/p>\n","protected":false},"featured_media":22557,"comment_status":"closed","ping_status":"open","template":"","meta":{"_acf_changed":false},"product_brand":[],"product_cat":[1209],"product_tag":[],"class_list":{"0":"post-25909","1":"product","2":"type-product","3":"status-publish","4":"has-post-thumbnail","6":"product_cat-margini-mobilier","8":"first","9":"instock","10":"product-type-simple"},"acf":[],"_links":{"self":[{"href":"https:\/\/www.maag-polska.pl\/ro\/wp-json\/wp\/v2\/product\/25909","targetHints":{"allow":["GET"]}}],"collection":[{"href":"https:\/\/www.maag-polska.pl\/ro\/wp-json\/wp\/v2\/product"}],"about":[{"href":"https:\/\/www.maag-polska.pl\/ro\/wp-json\/wp\/v2\/types\/product"}],"replies":[{"embeddable":true,"href":"https:\/\/www.maag-polska.pl\/ro\/wp-json\/wp\/v2\/comments?post=25909"}],"wp:featuredmedia":[{"embeddable":true,"href":"https:\/\/www.maag-polska.pl\/ro\/wp-json\/wp\/v2\/media\/22557"}],"wp:attachment":[{"href":"https:\/\/www.maag-polska.pl\/ro\/wp-json\/wp\/v2\/media?parent=25909"}],"wp:term":[{"taxonomy":"product_brand","embeddable":true,"href":"https:\/\/www.maag-polska.pl\/ro\/wp-json\/wp\/v2\/product_brand?post=25909"},{"taxonomy":"product_cat","embeddable":true,"href":"https:\/\/www.maag-polska.pl\/ro\/wp-json\/wp\/v2\/product_cat?post=25909"},{"taxonomy":"product_tag","embeddable":true,"href":"https:\/\/www.maag-polska.pl\/ro\/wp-json\/wp\/v2\/product_tag?post=25909"}],"curies":[{"name":"wp","href":"https:\/\/api.w.org\/{rel}","templated":true}]}}