{"id":25901,"date":"2025-09-01T08:31:12","date_gmt":"2025-09-01T08:31:12","guid":{"rendered":"https:\/\/www.maag-polska.pl\/obrzeza-meblowe\/d29-1-calabria-ash\/"},"modified":"2025-09-01T09:10:58","modified_gmt":"2025-09-01T09:10:58","slug":"d29-1-calabria-ash","status":"publish","type":"product","link":"https:\/\/www.maag-polska.pl\/ro\/obrzeza-meblowe\/d29-1-calabria-ash\/","title":{"rendered":"Margini Mobilier D29\/1 CALABRIA ASH"},"content":{"rendered":"<div>\n<p>Capt\u00e2nd tonurile calde \u0219i primitoare ale frasinului calabrian, aceast\u0103 band\u0103 de margine din PVC ofer\u0103 un finisaj sofisticat asem\u0103n\u0103tor lemnului, care se \u00eembin\u0103 perfect cu designul modern de mobilier. Textura suprafe\u021bei \u0219i modelul de granula\u021bie realizate cu meticulozitate creeaz\u0103 o experien\u021b\u0103 natural\u0103, tactil\u0103, \u00een timp ce stabilitatea culorii asigur\u0103 o potrivire consistent\u0103 cu materialele dvs. de plac\u0103. Compozi\u021bia din PVC pur \u00ee\u0219i men\u021bine aspectul curat \u00een timp, oferind o solu\u021bie elegant\u0103 pentru marginile mobilierului premium.<\/p>\n<p>Aceast\u0103 band\u0103 de margine versatil\u0103 exceleaz\u0103 at\u00e2t \u00een aplica\u021biile reziden\u021biale, c\u00e2t \u0219i \u00een cele comerciale de prelucrare a lemnului, oferind rezisten\u021b\u0103 \u00eembun\u0103t\u0103\u021bit\u0103 la UV pentru o fidelitate durabil\u0103 a culorii. Structura sa optimizat\u0103 permite o prelucrare precis\u0103 cu de\u0219euri minime, f\u0103c\u00e2ndu-l ideal pentru marginile mobilierului, finisarea dulapurilor \u0219i lucr\u0103rile de mor\u0103rit personalizate. Durabilitatea materialului rezist\u0103 la uzura zilnic\u0103, p\u0103str\u00e2nd \u00een acela\u0219i timp atractivitatea estetic\u0103, dovedindu-se esen\u021bial\u0103 pentru materialele de prelucrare a lemnului orientate spre calitate. Perfect pentru finisarea marginilor pe rafturi, dulapuri \u0219i piese de mobilier contemporan, unde at\u00e2t frumuse\u021bea, c\u00e2t \u0219i longevitatea conteaz\u0103.<\/p>\n<\/div>\n","protected":false},"excerpt":{"rendered":"<p>22&#215;0,6; 22&#215;1; 22&#215;2; 28&#215;2*; 32&#215;2*; 35&#215;1*; 42&#215;2<\/p>\n","protected":false},"featured_media":22533,"comment_status":"closed","ping_status":"open","template":"","meta":{"_acf_changed":false},"product_brand":[],"product_cat":[1209],"product_tag":[],"class_list":{"0":"post-25901","1":"product","2":"type-product","3":"status-publish","4":"has-post-thumbnail","6":"product_cat-margini-mobilier","8":"first","9":"instock","10":"product-type-simple"},"acf":[],"_links":{"self":[{"href":"https:\/\/www.maag-polska.pl\/ro\/wp-json\/wp\/v2\/product\/25901","targetHints":{"allow":["GET"]}}],"collection":[{"href":"https:\/\/www.maag-polska.pl\/ro\/wp-json\/wp\/v2\/product"}],"about":[{"href":"https:\/\/www.maag-polska.pl\/ro\/wp-json\/wp\/v2\/types\/product"}],"replies":[{"embeddable":true,"href":"https:\/\/www.maag-polska.pl\/ro\/wp-json\/wp\/v2\/comments?post=25901"}],"wp:featuredmedia":[{"embeddable":true,"href":"https:\/\/www.maag-polska.pl\/ro\/wp-json\/wp\/v2\/media\/22533"}],"wp:attachment":[{"href":"https:\/\/www.maag-polska.pl\/ro\/wp-json\/wp\/v2\/media?parent=25901"}],"wp:term":[{"taxonomy":"product_brand","embeddable":true,"href":"https:\/\/www.maag-polska.pl\/ro\/wp-json\/wp\/v2\/product_brand?post=25901"},{"taxonomy":"product_cat","embeddable":true,"href":"https:\/\/www.maag-polska.pl\/ro\/wp-json\/wp\/v2\/product_cat?post=25901"},{"taxonomy":"product_tag","embeddable":true,"href":"https:\/\/www.maag-polska.pl\/ro\/wp-json\/wp\/v2\/product_tag?post=25901"}],"curies":[{"name":"wp","href":"https:\/\/api.w.org\/{rel}","templated":true}]}}