{"id":25899,"date":"2025-09-01T08:31:12","date_gmt":"2025-09-01T08:31:12","guid":{"rendered":"https:\/\/www.maag-polska.pl\/obrzeza-meblowe\/d27-2-navarra-grey\/"},"modified":"2025-09-01T09:10:56","modified_gmt":"2025-09-01T09:10:56","slug":"d27-2-navarra-grey","status":"publish","type":"product","link":"https:\/\/www.maag-polska.pl\/ro\/obrzeza-meblowe\/d27-2-navarra-grey\/","title":{"rendered":"Margini Mobilier D27\/2 NAVARRA GREY"},"content":{"rendered":"<div>\n<p>Band\u0103 de margine din PVC de calitate profesional\u0103 \u00een Navarra Grey, cu o grosime de 2 mm, cu o formul\u0103 avansat\u0103 rezistent\u0103 la UV. Aceast\u0103 compozi\u021bie din PVC pur ofer\u0103 o stabilitate excep\u021bional\u0103 a culorii \u0219i \u00ee\u0219i men\u021bine propriet\u0103\u021bile estetice chiar \u0219i la expunerea la lumin\u0103 intens\u0103. Parametrii tehnici ai materialului includ o temperatur\u0103 optim\u0103 de aderen\u021b\u0103 de 190-200\u00b0C, cu toleran\u021b\u0103 dimensional\u0103 precis\u0103 de \u00b10,05 mm pentru o aplicare consistent\u0103. Banda de margine prezint\u0103 rezisten\u021b\u0103 ridicat\u0103 la impact de 15 N\/mm\u00b2 \u0219i rezisten\u021b\u0103 termic\u0103 de p\u00e2n\u0103 la 90\u00b0C.<\/p>\n<p>Conceput special pentru materialele moderne de prelucrare a lemnului \u0219i fabricarea de mobilier, aceast\u0103 band\u0103 de cant exceleaz\u0103 at\u00e2t \u00een aplica\u021bii reziden\u021biale, c\u00e2t \u0219i \u00een cele comerciale. Perfect pentru sistemele de mobilier de birou, dulapuri de buc\u0103t\u0103rie \u0219i unit\u0103\u021bi de afi\u0219are de v\u00e2nzare cu am\u0103nuntul, unde tonurile de gri creeaz\u0103 o estetic\u0103 sofisticat\u0103. Durabilitatea materialului \u00eel face deosebit de potrivit pentru mediile comerciale cu trafic intens, \u00een timp ce caracteristicile sale u\u0219oare de prelucrare beneficiaz\u0103 atelierele de mobil\u0103 la comand\u0103 \u0219i liniile de produc\u021bie industrial\u0103. Ideal pentru suprafe\u021be verticale \u0219i orizontale care necesit\u0103 de\u0219euri minime \u00een timpul aplic\u0103rii.<\/p>\n<\/div>\n","protected":false},"excerpt":{"rendered":"<p>22&#215;0,6; 22&#215;1; 22&#215;2; 32&#215;2*; 35&#215;1*; 42&#215;2<\/p>\n","protected":false},"featured_media":22527,"comment_status":"closed","ping_status":"open","template":"","meta":{"_acf_changed":false},"product_brand":[],"product_cat":[1209],"product_tag":[],"class_list":{"0":"post-25899","1":"product","2":"type-product","3":"status-publish","4":"has-post-thumbnail","6":"product_cat-margini-mobilier","8":"first","9":"instock","10":"product-type-simple"},"acf":[],"_links":{"self":[{"href":"https:\/\/www.maag-polska.pl\/ro\/wp-json\/wp\/v2\/product\/25899","targetHints":{"allow":["GET"]}}],"collection":[{"href":"https:\/\/www.maag-polska.pl\/ro\/wp-json\/wp\/v2\/product"}],"about":[{"href":"https:\/\/www.maag-polska.pl\/ro\/wp-json\/wp\/v2\/types\/product"}],"replies":[{"embeddable":true,"href":"https:\/\/www.maag-polska.pl\/ro\/wp-json\/wp\/v2\/comments?post=25899"}],"wp:featuredmedia":[{"embeddable":true,"href":"https:\/\/www.maag-polska.pl\/ro\/wp-json\/wp\/v2\/media\/22527"}],"wp:attachment":[{"href":"https:\/\/www.maag-polska.pl\/ro\/wp-json\/wp\/v2\/media?parent=25899"}],"wp:term":[{"taxonomy":"product_brand","embeddable":true,"href":"https:\/\/www.maag-polska.pl\/ro\/wp-json\/wp\/v2\/product_brand?post=25899"},{"taxonomy":"product_cat","embeddable":true,"href":"https:\/\/www.maag-polska.pl\/ro\/wp-json\/wp\/v2\/product_cat?post=25899"},{"taxonomy":"product_tag","embeddable":true,"href":"https:\/\/www.maag-polska.pl\/ro\/wp-json\/wp\/v2\/product_tag?post=25899"}],"curies":[{"name":"wp","href":"https:\/\/api.w.org\/{rel}","templated":true}]}}