{"id":25898,"date":"2025-09-01T08:31:12","date_gmt":"2025-09-01T08:31:12","guid":{"rendered":"https:\/\/www.maag-polska.pl\/obrzeza-meblowe\/d27-1-navarra\/"},"modified":"2025-09-01T09:10:56","modified_gmt":"2025-09-01T09:10:56","slug":"d27-1-navarra","status":"publish","type":"product","link":"https:\/\/www.maag-polska.pl\/ro\/obrzeza-meblowe\/d27-1-navarra\/","title":{"rendered":"Margini Mobilier D27\/1 NAVARRA"},"content":{"rendered":"<div>\n<p>Band\u0103 de margine din PVC de calitate profesional\u0103, proiectat\u0103 cu rezisten\u021b\u0103 \u00eembun\u0103t\u0103\u021bit\u0103 la UV \u0219i protec\u021bie la impact. Acest material pentru prelucrarea lemnului \u00ee\u0219i men\u021bine integritatea structural\u0103 chiar \u0219i \u00een cazul utiliz\u0103rii zilnice intense, f\u0103c\u00e2ndu-l ideal pentru mediile comerciale cu trafic intens. Compozi\u021bia din PVC pur asigur\u0103 o stabilitate excep\u021bional\u0103 a culorii \u0219i previne delaminarea, \u00een timp ce tratamentul specializat al suprafe\u021bei ofer\u0103 protec\u021bie de durat\u0103 \u00eempotriva zg\u00e2rieturilor \u0219i uzurii.<\/p>\n<p>Solu\u021bie de montare rapid\u0103 pentru marginea mobilierului care v\u0103 simplific\u0103 procesul de instalare. Stratul adeziv calibrat cu precizie se activeaz\u0103 eficient la temperaturi optime de procesare, reduc\u00e2nd timpul de instalare \u0219i risipa de material. Aceast\u0103 band\u0103 de margine din PVC prezint\u0103 precizie dimensional\u0103 care asigur\u0103 aplicarea lin\u0103 pe suprafe\u021be drepte \u0219i curbate, permi\u021b\u00e2nd me\u0219terilor s\u0103 ob\u021bin\u0103 rezultate profesionale cu efort minim. Perfect at\u00e2t pentru ma\u0219ini automate de bandat margini, c\u00e2t \u0219i pentru aplica\u021bii manuale.<\/p>\n<\/div>\n","protected":false},"excerpt":{"rendered":"<p>22&#215;0,6; 22&#215;1; 22&#215;2; 28&#215;2*; 32&#215;2*; 35&#215;1*; 42&#215;2<\/p>\n","protected":false},"featured_media":23587,"comment_status":"closed","ping_status":"open","template":"","meta":{"_acf_changed":false},"product_brand":[],"product_cat":[1209],"product_tag":[],"class_list":{"0":"post-25898","1":"product","2":"type-product","3":"status-publish","4":"has-post-thumbnail","6":"product_cat-margini-mobilier","8":"first","9":"instock","10":"product-type-simple"},"acf":[],"_links":{"self":[{"href":"https:\/\/www.maag-polska.pl\/ro\/wp-json\/wp\/v2\/product\/25898","targetHints":{"allow":["GET"]}}],"collection":[{"href":"https:\/\/www.maag-polska.pl\/ro\/wp-json\/wp\/v2\/product"}],"about":[{"href":"https:\/\/www.maag-polska.pl\/ro\/wp-json\/wp\/v2\/types\/product"}],"replies":[{"embeddable":true,"href":"https:\/\/www.maag-polska.pl\/ro\/wp-json\/wp\/v2\/comments?post=25898"}],"wp:featuredmedia":[{"embeddable":true,"href":"https:\/\/www.maag-polska.pl\/ro\/wp-json\/wp\/v2\/media\/23587"}],"wp:attachment":[{"href":"https:\/\/www.maag-polska.pl\/ro\/wp-json\/wp\/v2\/media?parent=25898"}],"wp:term":[{"taxonomy":"product_brand","embeddable":true,"href":"https:\/\/www.maag-polska.pl\/ro\/wp-json\/wp\/v2\/product_brand?post=25898"},{"taxonomy":"product_cat","embeddable":true,"href":"https:\/\/www.maag-polska.pl\/ro\/wp-json\/wp\/v2\/product_cat?post=25898"},{"taxonomy":"product_tag","embeddable":true,"href":"https:\/\/www.maag-polska.pl\/ro\/wp-json\/wp\/v2\/product_tag?post=25898"}],"curies":[{"name":"wp","href":"https:\/\/api.w.org\/{rel}","templated":true}]}}