{"id":25883,"date":"2025-09-01T08:30:51","date_gmt":"2025-09-01T08:30:51","guid":{"rendered":"https:\/\/www.maag-polska.pl\/obrzeza-meblowe\/d19-2-sevilla-olive\/"},"modified":"2025-09-01T09:10:43","modified_gmt":"2025-09-01T09:10:43","slug":"d19-2-sevilla-olive","status":"publish","type":"product","link":"https:\/\/www.maag-polska.pl\/ro\/obrzeza-meblowe\/d19-2-sevilla-olive\/","title":{"rendered":"Margini Mobilier D19\/2 SEVILLA OLIVE"},"content":{"rendered":"<div>\n<p>Borduri profesionale din PVC \u00een nuan\u021ba Oliwka Sewilla, fabricate cu compu\u0219i din PVC pur pentru o protec\u021bie superioar\u0103 a marginilor. Dispune de o grosime de 2 mm cu o toleran\u021b\u0103 de \u00b1 0,02 mm, asigur\u00e2nd o potrivire precis\u0103 \u0219i pierderi minime \u00een timpul aplic\u0103rii. Formula rezistent\u0103 la UV men\u021bine stabilitatea culorii, prevenind \u00eeng\u0103lbenirea sau decolorarea chiar \u0219i la expunere prelungit\u0103. Demonstreaz\u0103 rezisten\u021b\u0103 excelent\u0103 la impact de 15 kJ\/m\u00b2 \u0219i stabilitate termic\u0103 \u00eentre -10\u00b0C \u0219i +60\u00b0C pentru performan\u021be fiabile \u00een diferite condi\u021bii.<\/p>\n<p>Perfect potrivit pentru fabricarea de mobilier modern, unde nuan\u021bele deschise de m\u0103sline completeaz\u0103 design-urile contemporane. Acest material pentru prelucrarea lemnului exceleaz\u0103 \u00een produc\u021bia de dulapuri reziden\u021biale \u0219i comerciale, \u00een special pentru mobilierul de buc\u0103t\u0103rie \u0219i birou care necesit\u0103 finisare durabil\u0103 a marginilor. Tonul neutru m\u0103sliniu func\u021bioneaz\u0103 excep\u021bional de bine at\u00e2t cu decorurile din lemn deschis, c\u00e2t \u0219i cu cele \u00eenchise, f\u0103c\u00e2ndu-l versatil pentru diferite stiluri de mobilier. Recomandat pentru mediile comerciale cu trafic intens \u00een care durabilitatea marginilor este crucial\u0103, cum ar fi accesoriile de v\u00e2nzare cu am\u0103nuntul \u0219i mobilierul institu\u021bional.<\/p>\n<\/div>\n","protected":false},"excerpt":{"rendered":"<p>32&#215;2*<\/p>\n","protected":false},"featured_media":21627,"comment_status":"closed","ping_status":"open","template":"","meta":{"_acf_changed":false},"product_brand":[],"product_cat":[1209],"product_tag":[],"class_list":{"0":"post-25883","1":"product","2":"type-product","3":"status-publish","4":"has-post-thumbnail","6":"product_cat-margini-mobilier","8":"first","9":"instock","10":"product-type-simple"},"acf":[],"_links":{"self":[{"href":"https:\/\/www.maag-polska.pl\/ro\/wp-json\/wp\/v2\/product\/25883","targetHints":{"allow":["GET"]}}],"collection":[{"href":"https:\/\/www.maag-polska.pl\/ro\/wp-json\/wp\/v2\/product"}],"about":[{"href":"https:\/\/www.maag-polska.pl\/ro\/wp-json\/wp\/v2\/types\/product"}],"replies":[{"embeddable":true,"href":"https:\/\/www.maag-polska.pl\/ro\/wp-json\/wp\/v2\/comments?post=25883"}],"wp:featuredmedia":[{"embeddable":true,"href":"https:\/\/www.maag-polska.pl\/ro\/wp-json\/wp\/v2\/media\/21627"}],"wp:attachment":[{"href":"https:\/\/www.maag-polska.pl\/ro\/wp-json\/wp\/v2\/media?parent=25883"}],"wp:term":[{"taxonomy":"product_brand","embeddable":true,"href":"https:\/\/www.maag-polska.pl\/ro\/wp-json\/wp\/v2\/product_brand?post=25883"},{"taxonomy":"product_cat","embeddable":true,"href":"https:\/\/www.maag-polska.pl\/ro\/wp-json\/wp\/v2\/product_cat?post=25883"},{"taxonomy":"product_tag","embeddable":true,"href":"https:\/\/www.maag-polska.pl\/ro\/wp-json\/wp\/v2\/product_tag?post=25883"}],"curies":[{"name":"wp","href":"https:\/\/api.w.org\/{rel}","templated":true}]}}