{"id":25878,"date":"2025-09-01T08:30:51","date_gmt":"2025-09-01T08:30:51","guid":{"rendered":"https:\/\/www.maag-polska.pl\/obrzeza-meblowe\/d15-2-zebrano-negro\/"},"modified":"2025-09-01T09:10:39","modified_gmt":"2025-09-01T09:10:39","slug":"d15-2-zebrano-negro","status":"publish","type":"product","link":"https:\/\/www.maag-polska.pl\/ro\/obrzeza-meblowe\/d15-2-zebrano-negro\/","title":{"rendered":"Margini Mobilier D15\/2 ZEBRANO NEGRO"},"content":{"rendered":"<div>\n<p>Banda de margine din PVC de calitate profesional\u0103 din D15\/2 ZEBRANO NEGRO ofer\u0103 o rezisten\u021b\u0103 excep\u021bional\u0103 \u00eempotriva uzurii zilnice \u0219i a factorilor de mediu. Acest material din PVC pur pentru prelucrarea lemnului \u00ee\u0219i men\u021bine aspectul izbitor prin expunerea la UV \u0219i fluctua\u021biile de temperatur\u0103, f\u0103c\u00e2ndu-l ideal pentru spa\u021biile comerciale cu trafic intens. Compozi\u021bia specializat\u0103 asigur\u0103 stabilitatea culorii \u0219i previne \u00eeng\u0103lbenirea, \u00een timp ce structura rezistent\u0103 la impact protejeaz\u0103 marginile mobilierului de a\u0219chii \u0219i lovituri.<\/p>\n<p>Transform\u0103-\u021bi proiectele de mobilier cu aceast\u0103 band\u0103 de margine u\u0219or de utilizat, care simplific\u0103 procesul de finisare. Stratul de adeziv optimizat se activeaz\u0103 rapid la temperaturi standard de procesare, reduc\u00e2nd timpul de aplicare \u0219i risipa de material. Perfect\u0103 at\u00e2t pentru sistemele manuale, c\u00e2t \u0219i pentru cele automate, aceast\u0103 band\u0103 de margine din PVC taie curat \u0219i taie f\u0103r\u0103 efort, permi\u021b\u00e2nd lucr\u0103torilor \u00een lemn s\u0103 ob\u021bin\u0103 rezultate profesionale cu un efort minim. Potrivirea precis\u0103 a culorilor cu suprafe\u021bele Zebrano Negro asigur\u0103 o integrare perfect\u0103 cu piesele dvs. de mobilier.<\/p>\n<\/div>\n","protected":false},"excerpt":{"rendered":"<p>22&#215;0,6<\/p>\n","protected":false},"featured_media":21612,"comment_status":"closed","ping_status":"open","template":"","meta":{"_acf_changed":false},"product_brand":[],"product_cat":[1209],"product_tag":[],"class_list":{"0":"post-25878","1":"product","2":"type-product","3":"status-publish","4":"has-post-thumbnail","6":"product_cat-margini-mobilier","8":"first","9":"instock","10":"product-type-simple"},"acf":[],"_links":{"self":[{"href":"https:\/\/www.maag-polska.pl\/ro\/wp-json\/wp\/v2\/product\/25878","targetHints":{"allow":["GET"]}}],"collection":[{"href":"https:\/\/www.maag-polska.pl\/ro\/wp-json\/wp\/v2\/product"}],"about":[{"href":"https:\/\/www.maag-polska.pl\/ro\/wp-json\/wp\/v2\/types\/product"}],"replies":[{"embeddable":true,"href":"https:\/\/www.maag-polska.pl\/ro\/wp-json\/wp\/v2\/comments?post=25878"}],"wp:featuredmedia":[{"embeddable":true,"href":"https:\/\/www.maag-polska.pl\/ro\/wp-json\/wp\/v2\/media\/21612"}],"wp:attachment":[{"href":"https:\/\/www.maag-polska.pl\/ro\/wp-json\/wp\/v2\/media?parent=25878"}],"wp:term":[{"taxonomy":"product_brand","embeddable":true,"href":"https:\/\/www.maag-polska.pl\/ro\/wp-json\/wp\/v2\/product_brand?post=25878"},{"taxonomy":"product_cat","embeddable":true,"href":"https:\/\/www.maag-polska.pl\/ro\/wp-json\/wp\/v2\/product_cat?post=25878"},{"taxonomy":"product_tag","embeddable":true,"href":"https:\/\/www.maag-polska.pl\/ro\/wp-json\/wp\/v2\/product_tag?post=25878"}],"curies":[{"name":"wp","href":"https:\/\/api.w.org\/{rel}","templated":true}]}}