{"id":25870,"date":"2025-09-01T08:30:32","date_gmt":"2025-09-01T08:30:32","guid":{"rendered":"https:\/\/www.maag-polska.pl\/obrzeza-meblowe\/d12-2-light-wenge\/"},"modified":"2025-09-01T09:10:30","modified_gmt":"2025-09-01T09:10:30","slug":"d12-2-light-wenge","status":"publish","type":"product","link":"https:\/\/www.maag-polska.pl\/ro\/obrzeza-meblowe\/d12-2-light-wenge\/","title":{"rendered":"Margini Mobilier D12\/2 LIGHT WENGE"},"content":{"rendered":"<div>\n<p>Banda de cant profesional\u0103 din PVC conceput\u0103 pentru D12\/2 WENGE JASNA ofer\u0103 o rezisten\u021b\u0103 excep\u021bional\u0103 \u00eempotriva uzurii zilnice. Acest material de prelucrare a lemnului \u00ee\u0219i men\u021bine integritatea structural\u0103 chiar \u0219i \u00een cazul utiliz\u0103rii intense, av\u00e2nd un strat special rezistent la UV care previne decolorarea \u0219i decolorarea culorii. Compozi\u021bia din PVC pur asigur\u0103 durabilitate de durat\u0103 cu rezisten\u021b\u0103 ridicat\u0103 la impact, f\u0103c\u00e2ndu-l ideal pentru aplica\u021bii de mobilier cu trafic intens. Compatibil at\u00e2t cu suprafe\u021bele Pfleiderer R35018 ML, c\u00e2t \u0219i cu BRZOZA LUND Woodeco, aceast\u0103 band\u0103 de margine \u00ee\u0219i men\u021bine aspectul impecabil de-a lungul anilor de expunere la factorii de mediu.<\/p>\n<p>Transform\u0103-\u021bi proiectele de mobilier cu aceast\u0103 solu\u021bie de montare rapid\u0103 pentru banda de margine care reduce semnificativ timpul de finalizare. Stratul adeziv calibrat cu precizie se activeaz\u0103 eficient la temperaturi optime de procesare, asigur\u00e2nd o lipire sigur\u0103 cu pierderi minime. Marginile mobilierului pot fi finisate f\u0103r\u0103 sudur\u0103 folosind unelte standard pentru prelucrarea lemnului, \u00een timp ce flexibilitatea materialului permite aplicarea lin\u0103 \u00een jurul suprafe\u021belor curbate. Banda de margine din PVC stabil\u0103 dimensional nu necesit\u0103 tratamente post-procesare, permi\u021b\u00e2ndu-v\u0103 s\u0103 trece\u021bi direct de la aplicare la finalizarea proiectului.<\/p>\n<\/div>\n","protected":false},"excerpt":{"rendered":"<p>22&#215;0,6; 22&#215;1; 22&#215;2; 28&#215;2*; 32&#215;2*; 35&#215;1*; 42&#215;2<\/p>\n","protected":false},"featured_media":21588,"comment_status":"closed","ping_status":"open","template":"","meta":{"_acf_changed":false},"product_brand":[],"product_cat":[1209],"product_tag":[],"class_list":{"0":"post-25870","1":"product","2":"type-product","3":"status-publish","4":"has-post-thumbnail","6":"product_cat-margini-mobilier","8":"first","9":"instock","10":"product-type-simple"},"acf":[],"_links":{"self":[{"href":"https:\/\/www.maag-polska.pl\/ro\/wp-json\/wp\/v2\/product\/25870","targetHints":{"allow":["GET"]}}],"collection":[{"href":"https:\/\/www.maag-polska.pl\/ro\/wp-json\/wp\/v2\/product"}],"about":[{"href":"https:\/\/www.maag-polska.pl\/ro\/wp-json\/wp\/v2\/types\/product"}],"replies":[{"embeddable":true,"href":"https:\/\/www.maag-polska.pl\/ro\/wp-json\/wp\/v2\/comments?post=25870"}],"wp:featuredmedia":[{"embeddable":true,"href":"https:\/\/www.maag-polska.pl\/ro\/wp-json\/wp\/v2\/media\/21588"}],"wp:attachment":[{"href":"https:\/\/www.maag-polska.pl\/ro\/wp-json\/wp\/v2\/media?parent=25870"}],"wp:term":[{"taxonomy":"product_brand","embeddable":true,"href":"https:\/\/www.maag-polska.pl\/ro\/wp-json\/wp\/v2\/product_brand?post=25870"},{"taxonomy":"product_cat","embeddable":true,"href":"https:\/\/www.maag-polska.pl\/ro\/wp-json\/wp\/v2\/product_cat?post=25870"},{"taxonomy":"product_tag","embeddable":true,"href":"https:\/\/www.maag-polska.pl\/ro\/wp-json\/wp\/v2\/product_tag?post=25870"}],"curies":[{"name":"wp","href":"https:\/\/api.w.org\/{rel}","templated":true}]}}