{"id":25866,"date":"2025-09-01T08:30:32","date_gmt":"2025-09-01T08:30:32","guid":{"rendered":"https:\/\/www.maag-polska.pl\/obrzeza-meblowe\/d11-2-platinum\/"},"modified":"2025-09-01T09:10:27","modified_gmt":"2025-09-01T09:10:27","slug":"d11-2-platinum","status":"publish","type":"product","link":"https:\/\/www.maag-polska.pl\/ro\/obrzeza-meblowe\/d11-2-platinum\/","title":{"rendered":"Margini Mobilier D11\/2 PLATINUM"},"content":{"rendered":"<div>\n<p>Band\u0103 de margine din PVC de calitate profesional\u0103, conceput\u0103 cu compu\u0219i avansa\u021bi rezisten\u021bi la UV, oferind o durabilitate excep\u021bional\u0103 \u00een medii cu trafic intens. Acest material din PVC pur pentru prelucrarea lemnului \u00ee\u0219i men\u021bine integritatea structural\u0103 \u0219i stabilitatea culorii chiar \u0219i la expunerea intens\u0103 la soare. Seria D11\/2 PLATINUM are o rezisten\u021b\u0103 sporit\u0103 la impact, ceea ce o face ideal\u0103 pentru marginile mobilierului care se confrunt\u0103 cu utilizare constant\u0103 \u0219i provoc\u0103ri de mediu.<\/p>\n<p>Transform\u0103-\u021bi procesul de finisare a mobilierului cu aceast\u0103 band\u0103 de margine cu aplicare rapid\u0103 care reduce timpul de instalare cu p\u00e2n\u0103 la 40%. Grosimea precis calibrat\u0103 asigur\u0103 o prelucrare lin\u0103 cu pierderi minime, \u00een timp ce stratul de adeziv specializat se activeaz\u0103 rapid la temperaturi optime. Perfect pentru profesioni\u0219tii din prelucrarea lemnului care apreciaz\u0103 eficien\u021ba f\u0103r\u0103 a compromite calitatea, aceast\u0103 band\u0103 de margine din PVC elimin\u0103 necesitatea unui tratament suplimentar de suprafa\u021b\u0103 dup\u0103 aplicare.<\/p>\n<\/div>\n","protected":false},"excerpt":{"rendered":"<p>22&#215;0,6; 22&#215;1; 22&#215;2; 32&#215;2*; 35&#215;1*; 42&#215;2<\/p>\n","protected":false},"featured_media":21576,"comment_status":"closed","ping_status":"open","template":"","meta":{"_acf_changed":false},"product_brand":[],"product_cat":[1209],"product_tag":[],"class_list":{"0":"post-25866","1":"product","2":"type-product","3":"status-publish","4":"has-post-thumbnail","6":"product_cat-margini-mobilier","8":"first","9":"instock","10":"product-type-simple"},"acf":[],"_links":{"self":[{"href":"https:\/\/www.maag-polska.pl\/ro\/wp-json\/wp\/v2\/product\/25866","targetHints":{"allow":["GET"]}}],"collection":[{"href":"https:\/\/www.maag-polska.pl\/ro\/wp-json\/wp\/v2\/product"}],"about":[{"href":"https:\/\/www.maag-polska.pl\/ro\/wp-json\/wp\/v2\/types\/product"}],"replies":[{"embeddable":true,"href":"https:\/\/www.maag-polska.pl\/ro\/wp-json\/wp\/v2\/comments?post=25866"}],"wp:featuredmedia":[{"embeddable":true,"href":"https:\/\/www.maag-polska.pl\/ro\/wp-json\/wp\/v2\/media\/21576"}],"wp:attachment":[{"href":"https:\/\/www.maag-polska.pl\/ro\/wp-json\/wp\/v2\/media?parent=25866"}],"wp:term":[{"taxonomy":"product_brand","embeddable":true,"href":"https:\/\/www.maag-polska.pl\/ro\/wp-json\/wp\/v2\/product_brand?post=25866"},{"taxonomy":"product_cat","embeddable":true,"href":"https:\/\/www.maag-polska.pl\/ro\/wp-json\/wp\/v2\/product_cat?post=25866"},{"taxonomy":"product_tag","embeddable":true,"href":"https:\/\/www.maag-polska.pl\/ro\/wp-json\/wp\/v2\/product_tag?post=25866"}],"curies":[{"name":"wp","href":"https:\/\/api.w.org\/{rel}","templated":true}]}}