{"id":25764,"date":"2025-09-01T08:28:48","date_gmt":"2025-09-01T08:28:48","guid":{"rendered":"https:\/\/www.maag-polska.pl\/obrzeza-meblowe\/237-medium-graphite\/"},"modified":"2025-09-01T09:09:05","modified_gmt":"2025-09-01T09:09:05","slug":"237-medium-graphite","status":"publish","type":"product","link":"https:\/\/www.maag-polska.pl\/ro\/obrzeza-meblowe\/237-medium-graphite\/","title":{"rendered":"Margini Mobilier 237 MEDIUM GRAPHITE"},"content":{"rendered":"<div>\n<p>Borduri sofisticate din grafit cu un finisaj cu nuan\u021be medii care aduce elegan\u021b\u0103 modern\u0103 marginilor mobilierului. Aceast\u0103 band\u0103 de margine din PVC pur prezint\u0103 o nuan\u021b\u0103 de gri atent calibrat\u0103, oferind o stabilitate excep\u021bional\u0103 a culorii chiar \u0219i la expunere prelungit\u0103. Suprafa\u021ba neted\u0103, mat\u0103 creeaz\u0103 o tranzi\u021bie perfect\u0103 \u00eentre suprafe\u021be, p\u0103str\u00e2nd \u00een acela\u0219i timp un aspect profesional, contemporan.<\/p>\n<p>Materiale de prelucrare a lemnului concepute cu precizie, concepute pentru aplicare versatil\u0103 \u00een diverse proiecte de mobilier. Aceast\u0103 band\u0103 de margine din PVC ofer\u0103 rezisten\u021b\u0103 superioar\u0103 la UV \u0219i protec\u021bie la impact, asigur\u00e2nd \u00een acela\u0219i timp de\u0219euri minime \u00een timpul proces\u0103rii. Perfect at\u00e2t pentru marginile mobilierului reziden\u021bial c\u00e2t \u0219i comercial, materialul \u00ee\u0219i men\u021bine integritatea structural\u0103 \u0219i aspectul prin utilizarea zilnic\u0103. Caracteristicile u\u0219oare de procesare \u00eel fac ideal at\u00e2t pentru metodele de aplicare automate, c\u00e2t \u0219i pentru cele manuale.<\/p>\n<\/div>\n","protected":false},"excerpt":{"rendered":"<p>22&#215;2; 28&#215;2*; 35&#215;1*; 54&#215;2*<\/p>\n","protected":false},"featured_media":21272,"comment_status":"closed","ping_status":"open","template":"","meta":{"_acf_changed":false},"product_brand":[],"product_cat":[1209],"product_tag":[],"class_list":{"0":"post-25764","1":"product","2":"type-product","3":"status-publish","4":"has-post-thumbnail","6":"product_cat-margini-mobilier","8":"first","9":"instock","10":"product-type-simple"},"acf":[],"_links":{"self":[{"href":"https:\/\/www.maag-polska.pl\/ro\/wp-json\/wp\/v2\/product\/25764","targetHints":{"allow":["GET"]}}],"collection":[{"href":"https:\/\/www.maag-polska.pl\/ro\/wp-json\/wp\/v2\/product"}],"about":[{"href":"https:\/\/www.maag-polska.pl\/ro\/wp-json\/wp\/v2\/types\/product"}],"replies":[{"embeddable":true,"href":"https:\/\/www.maag-polska.pl\/ro\/wp-json\/wp\/v2\/comments?post=25764"}],"wp:featuredmedia":[{"embeddable":true,"href":"https:\/\/www.maag-polska.pl\/ro\/wp-json\/wp\/v2\/media\/21272"}],"wp:attachment":[{"href":"https:\/\/www.maag-polska.pl\/ro\/wp-json\/wp\/v2\/media?parent=25764"}],"wp:term":[{"taxonomy":"product_brand","embeddable":true,"href":"https:\/\/www.maag-polska.pl\/ro\/wp-json\/wp\/v2\/product_brand?post=25764"},{"taxonomy":"product_cat","embeddable":true,"href":"https:\/\/www.maag-polska.pl\/ro\/wp-json\/wp\/v2\/product_cat?post=25764"},{"taxonomy":"product_tag","embeddable":true,"href":"https:\/\/www.maag-polska.pl\/ro\/wp-json\/wp\/v2\/product_tag?post=25764"}],"curies":[{"name":"wp","href":"https:\/\/api.w.org\/{rel}","templated":true}]}}