{"id":25736,"date":"2025-09-01T08:28:07","date_gmt":"2025-09-01T08:28:07","guid":{"rendered":"https:\/\/www.maag-polska.pl\/obrzeza-meblowe\/208-p-green-glossy\/"},"modified":"2025-09-01T09:08:39","modified_gmt":"2025-09-01T09:08:39","slug":"208-p-green-glossy","status":"publish","type":"product","link":"https:\/\/www.maag-polska.pl\/ro\/obrzeza-meblowe\/208-p-green-glossy\/","title":{"rendered":"Margini Mobilier 208-P GREEN GLOSSY"},"content":{"rendered":"<div>\n<p>Banda de margine din PVC verde lucios captivant\u0103 care ofer\u0103 un finisaj vibrant \u0219i lustruit marginilor mobilierului. Suprafa\u021ba lucioas\u0103 creeaz\u0103 un efect vizual izbitor, reflect\u00e2nd frumos lumina, men\u021bin\u00e2nd \u00een acela\u0219i timp consisten\u021ba perfect\u0103 a culorii pe \u00eentreg materialul. Aceast\u0103 band\u0103 de margine din PVC pur ofer\u0103 un amestec perfect de estetic\u0103 modern\u0103 \u0219i finisaj profesional, f\u0103c\u00e2ndu-l o alegere excelent\u0103 pentru designul de mobilier contemporan.<\/p>\n<p>Proiectat pentru aplica\u021bii versatile de prelucrare a lemnului, aceast\u0103 band\u0103 de margine rezistent\u0103 la UV \u00ee\u0219i men\u021bine finisajul verde str\u0103lucitor chiar \u0219i la expunere prelungit\u0103. Materialul se proceseaz\u0103 f\u0103r\u0103 probleme, cu de\u0219euri minime, ader\u00e2nd perfect at\u00e2t la marginile drepte, c\u00e2t \u0219i la curbele bl\u00e2nde. Indiferent dac\u0103 lucra\u021bi cu mobilier de birou, vitrine de v\u00e2nzare cu am\u0103nuntul sau dulapuri de cas\u0103, aceast\u0103 band\u0103 durabil\u0103 din PVC asigur\u0103 o protec\u021bie de lung\u0103 durat\u0103, ridic\u00e2nd \u00een acela\u0219i timp aspectul general al proiectelor dumneavoastr\u0103 de prelucrare a lemnului.<\/p>\n<\/div>\n","protected":false},"excerpt":{"rendered":"<p>22&#215;0,6<\/p>\n","protected":false},"featured_media":21190,"comment_status":"closed","ping_status":"open","template":"","meta":{"_acf_changed":false},"product_brand":[],"product_cat":[1209],"product_tag":[],"class_list":{"0":"post-25736","1":"product","2":"type-product","3":"status-publish","4":"has-post-thumbnail","6":"product_cat-margini-mobilier","8":"first","9":"instock","10":"product-type-simple"},"acf":[],"_links":{"self":[{"href":"https:\/\/www.maag-polska.pl\/ro\/wp-json\/wp\/v2\/product\/25736","targetHints":{"allow":["GET"]}}],"collection":[{"href":"https:\/\/www.maag-polska.pl\/ro\/wp-json\/wp\/v2\/product"}],"about":[{"href":"https:\/\/www.maag-polska.pl\/ro\/wp-json\/wp\/v2\/types\/product"}],"replies":[{"embeddable":true,"href":"https:\/\/www.maag-polska.pl\/ro\/wp-json\/wp\/v2\/comments?post=25736"}],"wp:featuredmedia":[{"embeddable":true,"href":"https:\/\/www.maag-polska.pl\/ro\/wp-json\/wp\/v2\/media\/21190"}],"wp:attachment":[{"href":"https:\/\/www.maag-polska.pl\/ro\/wp-json\/wp\/v2\/media?parent=25736"}],"wp:term":[{"taxonomy":"product_brand","embeddable":true,"href":"https:\/\/www.maag-polska.pl\/ro\/wp-json\/wp\/v2\/product_brand?post=25736"},{"taxonomy":"product_cat","embeddable":true,"href":"https:\/\/www.maag-polska.pl\/ro\/wp-json\/wp\/v2\/product_cat?post=25736"},{"taxonomy":"product_tag","embeddable":true,"href":"https:\/\/www.maag-polska.pl\/ro\/wp-json\/wp\/v2\/product_tag?post=25736"}],"curies":[{"name":"wp","href":"https:\/\/api.w.org\/{rel}","templated":true}]}}