{"id":25733,"date":"2025-09-01T08:28:07","date_gmt":"2025-09-01T08:28:07","guid":{"rendered":"https:\/\/www.maag-polska.pl\/obrzeza-meblowe\/207-b-yellow-b\/"},"modified":"2025-09-01T09:08:37","modified_gmt":"2025-09-01T09:08:37","slug":"207-b-yellow-b","status":"publish","type":"product","link":"https:\/\/www.maag-polska.pl\/ro\/obrzeza-meblowe\/207-b-yellow-b\/","title":{"rendered":"Margini Mobilier 207-B YELLOW-B"},"content":{"rendered":"<div>\n<p>Bordurile profesionale din PVC din Egger U114 ST9 \u017b\u00d3\u0141TY JAKRAWY ofer\u0103 o durabilitate excep\u021bional\u0103 pentru aplica\u021biile de mobilier cu trafic intens. Acest material din PVC pur pentru prelucrarea lemnului \u00ee\u0219i men\u021bine finisajul galben str\u0103lucitor chiar \u0219i \u00een cazul expunerii intense la UV, prevenind decolorarea \u0219i decolorarea. Compozi\u021bia rezistent\u0103 la impact a benzilor de margine rezist\u0103 la uzura zilnic\u0103, protej\u00e2nd \u00een acela\u0219i timp marginile mobilierului de umiditate \u0219i deterior\u0103ri mecanice.<\/p>\n<p>Eficientiza\u021bi-v\u0103 produc\u021bia de mobilier cu aceast\u0103 band\u0103 de margine proiectat\u0103 cu precizie care ader\u0103 f\u0103r\u0103 probleme \u0219i constant. Grosimea optimizat\u0103 asigur\u0103 t\u0103ieturi curate cu pierderi minime \u00een timpul proces\u0103rii, \u00een timp ce tratamentul specializat al suprafe\u021bei permite o lipire rapid\u0103. Perfect\u0103 at\u00e2t pentru borduri automate, c\u00e2t \u0219i pentru aplicare manual\u0103, aceast\u0103 band\u0103 de margine din PVC reduce timpul de instalare f\u0103r\u0103 a compromite finisarea profesional\u0103 a marginilor mobilierului dumneavoastr\u0103.<\/p>\n<\/div>\n","protected":false},"excerpt":{"rendered":"<p>22&#215;1<\/p>\n","protected":false},"featured_media":21181,"comment_status":"closed","ping_status":"open","template":"","meta":{"_acf_changed":false},"product_brand":[],"product_cat":[1209],"product_tag":[],"class_list":{"0":"post-25733","1":"product","2":"type-product","3":"status-publish","4":"has-post-thumbnail","6":"product_cat-margini-mobilier","8":"first","9":"instock","10":"product-type-simple"},"acf":[],"_links":{"self":[{"href":"https:\/\/www.maag-polska.pl\/ro\/wp-json\/wp\/v2\/product\/25733","targetHints":{"allow":["GET"]}}],"collection":[{"href":"https:\/\/www.maag-polska.pl\/ro\/wp-json\/wp\/v2\/product"}],"about":[{"href":"https:\/\/www.maag-polska.pl\/ro\/wp-json\/wp\/v2\/types\/product"}],"replies":[{"embeddable":true,"href":"https:\/\/www.maag-polska.pl\/ro\/wp-json\/wp\/v2\/comments?post=25733"}],"wp:featuredmedia":[{"embeddable":true,"href":"https:\/\/www.maag-polska.pl\/ro\/wp-json\/wp\/v2\/media\/21181"}],"wp:attachment":[{"href":"https:\/\/www.maag-polska.pl\/ro\/wp-json\/wp\/v2\/media?parent=25733"}],"wp:term":[{"taxonomy":"product_brand","embeddable":true,"href":"https:\/\/www.maag-polska.pl\/ro\/wp-json\/wp\/v2\/product_brand?post=25733"},{"taxonomy":"product_cat","embeddable":true,"href":"https:\/\/www.maag-polska.pl\/ro\/wp-json\/wp\/v2\/product_cat?post=25733"},{"taxonomy":"product_tag","embeddable":true,"href":"https:\/\/www.maag-polska.pl\/ro\/wp-json\/wp\/v2\/product_tag?post=25733"}],"curies":[{"name":"wp","href":"https:\/\/api.w.org\/{rel}","templated":true}]}}