{"id":25717,"date":"2025-09-01T08:27:46","date_gmt":"2025-09-01T08:27:46","guid":{"rendered":"https:\/\/www.maag-polska.pl\/obrzeza-meblowe\/201-r-white-r\/"},"modified":"2025-09-01T09:08:23","modified_gmt":"2025-09-01T09:08:23","slug":"201-r-white-r","status":"publish","type":"product","link":"https:\/\/www.maag-polska.pl\/ro\/obrzeza-meblowe\/201-r-white-r\/","title":{"rendered":"Margini Mobilier 201-R WHITE R"},"content":{"rendered":"<div>\n<p>Banda de margine profesional\u0103 din PVC conceput\u0103 pentru suprafe\u021bele albe Pfleiderer U11209 VV, Woodeco PB0080 \u0219i Swiss Krono U570 VL ofer\u0103 o durabilitate excep\u021bional\u0103 \u00een medii solicitante. Compozi\u021bia din PVC pur asigur\u0103 rezisten\u021b\u0103 superioar\u0103 la impact, zg\u00e2rieturi \u0219i uzur\u0103 zilnic\u0103, men\u021bin\u00e2nd \u00een acela\u0219i timp stabilitatea perfect\u0103 a culorii. Aceste materiale pentru prelucrarea lemnului au protec\u021bie UV \u00eembun\u0103t\u0103\u021bit\u0103, prevenind \u00eeng\u0103lbenirea \u0219i decolorarea chiar \u0219i \u00een cazul expunerii intense la lumin\u0103. Grosimea robust\u0103 de 2 mm a benzii de margine ofer\u0103 protec\u021bie de durat\u0103 pentru marginile mobilierului \u00eempotriva deterior\u0103rii mecanice.<\/p>\n<p>Transforma\u021bi-v\u0103 proiectele de mobilier \u00een mod eficient cu acest sistem de band\u0103 de cant cu precizie. Stratul adeziv optimizat se activeaz\u0103 rapid la temperaturi standard de procesare, permi\u021b\u00e2nd aplicarea f\u0103r\u0103 sudur\u0103 la viteze de p\u00e2n\u0103 la 25 m\/min. Structura consistent\u0103 a materialului elimin\u0103 nevoia de finisare suplimentar\u0103, reduc\u00e2nd timpul de instalare cu p\u00e2n\u0103 la 30%. Perfect\u0103 at\u00e2t pentru suprafe\u021be drepte, c\u00e2t \u0219i pentru suprafe\u021be curbate, aceast\u0103 band\u0103 de margine din PVC men\u021bine toleran\u021be str\u00e2nse \u0219i t\u0103ieturi curate, minimiz\u00e2nd risipa de material \u00een timpul aplic\u0103rii.<\/p>\n<\/div>\n","protected":false},"excerpt":{"rendered":"<p>22&#215;0,8; 22&#215;2; 28&#215;2*; 35&#215;1*; 54&#215;2*<\/p>\n","protected":false},"featured_media":21135,"comment_status":"closed","ping_status":"open","template":"","meta":{"_acf_changed":false},"product_brand":[],"product_cat":[1209],"product_tag":[],"class_list":{"0":"post-25717","1":"product","2":"type-product","3":"status-publish","4":"has-post-thumbnail","6":"product_cat-margini-mobilier","8":"first","9":"instock","10":"product-type-simple"},"acf":[],"_links":{"self":[{"href":"https:\/\/www.maag-polska.pl\/ro\/wp-json\/wp\/v2\/product\/25717","targetHints":{"allow":["GET"]}}],"collection":[{"href":"https:\/\/www.maag-polska.pl\/ro\/wp-json\/wp\/v2\/product"}],"about":[{"href":"https:\/\/www.maag-polska.pl\/ro\/wp-json\/wp\/v2\/types\/product"}],"replies":[{"embeddable":true,"href":"https:\/\/www.maag-polska.pl\/ro\/wp-json\/wp\/v2\/comments?post=25717"}],"wp:featuredmedia":[{"embeddable":true,"href":"https:\/\/www.maag-polska.pl\/ro\/wp-json\/wp\/v2\/media\/21135"}],"wp:attachment":[{"href":"https:\/\/www.maag-polska.pl\/ro\/wp-json\/wp\/v2\/media?parent=25717"}],"wp:term":[{"taxonomy":"product_brand","embeddable":true,"href":"https:\/\/www.maag-polska.pl\/ro\/wp-json\/wp\/v2\/product_brand?post=25717"},{"taxonomy":"product_cat","embeddable":true,"href":"https:\/\/www.maag-polska.pl\/ro\/wp-json\/wp\/v2\/product_cat?post=25717"},{"taxonomy":"product_tag","embeddable":true,"href":"https:\/\/www.maag-polska.pl\/ro\/wp-json\/wp\/v2\/product_tag?post=25717"}],"curies":[{"name":"wp","href":"https:\/\/api.w.org\/{rel}","templated":true}]}}