{"id":26366,"date":"2025-09-01T08:33:10","date_gmt":"2025-09-01T08:33:10","guid":{"rendered":"https:\/\/www.maag-polska.pl\/obrzeza-meblowe\/d6-2-cherry-amati\/"},"modified":"2025-09-01T09:06:52","modified_gmt":"2025-09-01T09:06:52","slug":"d6-2-cherry-amati","status":"publish","type":"product","link":"https:\/\/www.maag-polska.pl\/lt\/obrzeza-meblowe\/d6-2-cherry-amati\/","title":{"rendered":"Bald\u0173 kra\u0161tai D6\/2 CHERRY AMATI"},"content":{"rendered":"<div>\n<p>Sodrios Amati vy\u0161nin\u0117s PVC kra\u0161tin\u0117s juostos atspindi \u0161ilt\u0105, rafinuot\u0105 nat\u016bralaus med\u017eio gr\u016bd\u0173 esm\u0119, si\u016blydami vientis\u0105 gili\u0173 bordo ton\u0173 ir subtili\u0173 variant\u0173 derin\u012f, pakeliant\u012f bald\u0173 estetik\u0105. Kruop\u0161\u010diai sukalibruotas spalv\u0173 derinimas u\u017etikrina, kad \u0161i kra\u0161t\u0173 juosta sukuria nepriekai\u0161ting\u0105 per\u0117jim\u0105 tarp pavir\u0161i\u0173, o UV atspari formul\u0117 i\u0161laiko spalvos stabilum\u0105 net ir ilgai veikiant \u0161viesai.<\/p>\n<p>Pagaminta i\u0161 gryno PVC, \u0161i profesionali medienos apdirbimo med\u017eiaga lengvai prisitaiko prie tiesi\u0173 linij\u0173 ir lenkt\u0173 darb\u0173. D6\/2 briaun\u0173 juosta puikiai tinka bald\u0173 gamyboje, u\u017etikrina \u0161var\u0173 pj\u016bv\u012f su minimaliu atliek\u0173 kiekiu ir puikiomis sukibimo savyb\u0117mis. D\u0117l sm\u016bgiams atsparios sud\u0117ties jis idealiai tinka intensyvaus eismo komercin\u0117ms patalpoms, o tikslus 2 mm storis u\u017etikrina geresn\u0119 lentyn\u0173, spinteli\u0173 ir nestandartini\u0173 bald\u0173 briaun\u0173 apsaug\u0105.<\/p>\n<\/div>\n","protected":false},"excerpt":{"rendered":"<p>22&#215;0,6; 22&#215;1; 22&#215;2; 28&#215;2*; 32&#215;2*; 35&#215;1*; 42&#215;2<\/p>\n","protected":false},"featured_media":22674,"comment_status":"closed","ping_status":"open","template":"","meta":{"_acf_changed":false},"product_brand":[],"product_cat":[1210],"product_tag":[],"class_list":{"0":"post-26366","1":"product","2":"type-product","3":"status-publish","4":"has-post-thumbnail","6":"product_cat-baldu-krastai","8":"first","9":"instock","10":"product-type-simple"},"acf":[],"_links":{"self":[{"href":"https:\/\/www.maag-polska.pl\/lt\/wp-json\/wp\/v2\/product\/26366","targetHints":{"allow":["GET"]}}],"collection":[{"href":"https:\/\/www.maag-polska.pl\/lt\/wp-json\/wp\/v2\/product"}],"about":[{"href":"https:\/\/www.maag-polska.pl\/lt\/wp-json\/wp\/v2\/types\/product"}],"replies":[{"embeddable":true,"href":"https:\/\/www.maag-polska.pl\/lt\/wp-json\/wp\/v2\/comments?post=26366"}],"wp:featuredmedia":[{"embeddable":true,"href":"https:\/\/www.maag-polska.pl\/lt\/wp-json\/wp\/v2\/media\/22674"}],"wp:attachment":[{"href":"https:\/\/www.maag-polska.pl\/lt\/wp-json\/wp\/v2\/media?parent=26366"}],"wp:term":[{"taxonomy":"product_brand","embeddable":true,"href":"https:\/\/www.maag-polska.pl\/lt\/wp-json\/wp\/v2\/product_brand?post=26366"},{"taxonomy":"product_cat","embeddable":true,"href":"https:\/\/www.maag-polska.pl\/lt\/wp-json\/wp\/v2\/product_cat?post=26366"},{"taxonomy":"product_tag","embeddable":true,"href":"https:\/\/www.maag-polska.pl\/lt\/wp-json\/wp\/v2\/product_tag?post=26366"}],"curies":[{"name":"wp","href":"https:\/\/api.w.org\/{rel}","templated":true}]}}