{"id":26324,"date":"2025-09-01T08:32:29","date_gmt":"2025-09-01T08:32:29","guid":{"rendered":"https:\/\/www.maag-polska.pl\/obrzeza-meblowe\/d4-67-bordeaux-light-oak\/"},"modified":"2025-09-01T09:06:13","modified_gmt":"2025-09-01T09:06:13","slug":"d4-67-bordeaux-light-oak","status":"publish","type":"product","link":"https:\/\/www.maag-polska.pl\/lt\/obrzeza-meblowe\/d4-67-bordeaux-light-oak\/","title":{"rendered":"Bald\u0173 kra\u0161tai D4\/67 BORDEAUX LIGHT OAK"},"content":{"rendered":"<div>\n<p>Profesionali PVC kra\u0161t\u0173 juosta D\u0104B BORDEAUX JASNY atspalvyje u\u017etikrina i\u0161skirtin\u012f atsparum\u0105 kasdieniam nusid\u0117v\u0117jimui ir aplinkos veiksniams. \u0160i med\u017eio apdirbimo med\u017eiaga i\u0161laiko savo nepriekai\u0161ting\u0105 i\u0161vaizd\u0105 d\u0117l pa\u017eangios UV apsaugos, neleid\u017eian\u010dios spalvoms blukti net esant intensyviai \u0161viesai. Gryna PVC sud\u0117tis u\u017etikrina nepaprast\u0105 ilgaam\u017ei\u0161kum\u0105 ir atsparum\u0105 sm\u016bgiams iki 950 kJ\/m\u00b2, tod\u0117l idealiai tinka intensyvaus jud\u0117jimo baldams. Suderinamas su Pfleiderer R20074 RU ir Swiss Krono D3349 MX plok\u0161\u010di\u0173 apdaila, \u0161i kra\u0161t\u0173 juosta i\u0161laiko strukt\u016brin\u012f vientisum\u0105 nuo -20\u00b0C iki +80\u00b0C temperat\u016broje.<\/p>\n<p>Veiksmingai transformuokite savo bald\u0173 projektus naudodami \u0161i\u0105 dengti paruo\u0161t\u0105 kra\u0161t\u0173 juost\u0105, kuri skland\u017eiai prilimpa esant 190\u2013200\u00b0C apdirbimo temperat\u016brai. Tiksliai sukalibruotas storis u\u017etikrina minimal\u0173 atliek\u0173 kiek\u012f apipjaustymo metu, o specializuotas pavir\u0161iaus apdorojimas leid\u017eia greitai suklijuoti be i\u0161ankstinio apdorojimo. D\u0117l optimizuot\u0173 klij\u0173 sug\u0117rimo savybi\u0173 bald\u0173 kra\u0161tai gali b\u016bti apdailinami 30 % grei\u010diau, palyginti su standartin\u0117mis alternatyvomis. Med\u017eiagos lankstumas neleid\u017eia skilin\u0117ti dengiant, tod\u0117l ypa\u010d tinka lenktiems pavir\u0161iams ir sud\u0117ting\u0173 bald\u0173 konstrukcijoms.<\/p>\n<\/div>\n","protected":false},"excerpt":{"rendered":"<p>22&#215;0,6; 22&#215;1; 22&#215;2; 28&#215;2*; 32&#215;2*; 35&#215;1*; 42&#215;2<\/p>\n","protected":false},"featured_media":22639,"comment_status":"closed","ping_status":"open","template":"","meta":{"_acf_changed":false},"product_brand":[],"product_cat":[1210],"product_tag":[],"class_list":{"0":"post-26324","1":"product","2":"type-product","3":"status-publish","4":"has-post-thumbnail","6":"product_cat-baldu-krastai","8":"first","9":"instock","10":"product-type-simple"},"acf":[],"_links":{"self":[{"href":"https:\/\/www.maag-polska.pl\/lt\/wp-json\/wp\/v2\/product\/26324","targetHints":{"allow":["GET"]}}],"collection":[{"href":"https:\/\/www.maag-polska.pl\/lt\/wp-json\/wp\/v2\/product"}],"about":[{"href":"https:\/\/www.maag-polska.pl\/lt\/wp-json\/wp\/v2\/types\/product"}],"replies":[{"embeddable":true,"href":"https:\/\/www.maag-polska.pl\/lt\/wp-json\/wp\/v2\/comments?post=26324"}],"wp:featuredmedia":[{"embeddable":true,"href":"https:\/\/www.maag-polska.pl\/lt\/wp-json\/wp\/v2\/media\/22639"}],"wp:attachment":[{"href":"https:\/\/www.maag-polska.pl\/lt\/wp-json\/wp\/v2\/media?parent=26324"}],"wp:term":[{"taxonomy":"product_brand","embeddable":true,"href":"https:\/\/www.maag-polska.pl\/lt\/wp-json\/wp\/v2\/product_brand?post=26324"},{"taxonomy":"product_cat","embeddable":true,"href":"https:\/\/www.maag-polska.pl\/lt\/wp-json\/wp\/v2\/product_cat?post=26324"},{"taxonomy":"product_tag","embeddable":true,"href":"https:\/\/www.maag-polska.pl\/lt\/wp-json\/wp\/v2\/product_tag?post=26324"}],"curies":[{"name":"wp","href":"https:\/\/api.w.org\/{rel}","templated":true}]}}