{"id":26257,"date":"2025-09-01T08:31:12","date_gmt":"2025-09-01T08:31:12","guid":{"rendered":"https:\/\/www.maag-polska.pl\/obrzeza-meblowe\/d3-5-natural-beech\/"},"modified":"2025-09-01T09:05:10","modified_gmt":"2025-09-01T09:05:10","slug":"d3-5-natural-beech","status":"publish","type":"product","link":"https:\/\/www.maag-polska.pl\/lt\/obrzeza-meblowe\/d3-5-natural-beech\/","title":{"rendered":"Bald\u0173 kra\u0161tai D3\/5 NATURAL BEECH"},"content":{"rendered":"<div>\n<p>Auk\u0161\u010diausios kokyb\u0117s D3\/5 nat\u016bralaus buko kra\u0161t\u0173 juostos, pagamintos i\u0161 gryno PVC, pasi\u017eymin\u010dios tiksliu 3 mm storiu ir 5 cm plo\u010diu, kad b\u016bt\u0173 optimaliai padengtos. \u0160i UV spinduliams atspari kra\u0161t\u0173 juosta i\u0161laiko i\u0161skirtin\u012f spalv\u0173 stabilum\u0105 esant \u012fvairioms ap\u0161vietimo s\u0105lygoms. Med\u017eiagos sud\u0117tis u\u017etikrina minimal\u0173 \u0161ilumin\u012f pl\u0117tim\u0105si (\u22642,5%) ir didel\u012f atsparum\u0105 tempimui (\u226535 N\/mm\u00b2), tod\u0117l idealiai tinka profesionalioms medienos apdirbimo med\u017eiagoms. Pavir\u0161ius demonstruoja puik\u0173 atsparum\u0105 \u012fbr\u0117\u017eimams (>2N) ir tvirtai sukimba su kar\u0161to lydalo klijais 190-200\u00b0C temperat\u016broje.<\/p>\n<p>Specialiai sukurta auk\u0161\u010diausios klas\u0117s bald\u0173 gamybai, kur pageidaujama nat\u016brali buko estetika. \u0160i PVC kra\u0161t\u0173 juosta puikiai tinka komercin\u0117ms spintel\u0117ms, biuro baldams ir ma\u017emenin\u0117s prekybos vitrinoms, kurias reikia da\u017enai valyti ir intensyviai naudoti. Med\u017eiagos ilgaam\u017ei\u0161kumas ypa\u010d tinka \u0161vietimo ir sveikatos prie\u017ei\u016bros \u012fstaigoms, kuriose bald\u0173 kra\u0161tai nuolat lie\u010diasi. Puikiai tinka tiek tiesioms, tiek lenktoms programoms \u0161iuolaikiniuose medienos apdirbimo projektuose, si\u016blant \u0161vari\u0105 apdail\u0105 su minimaliu atliek\u0173 apdorojimu.<\/p>\n<\/div>\n","protected":false},"excerpt":{"rendered":"<p>22&#215;0,6; 22&#215;1; 22&#215;2; 28&#215;2*; 35&#215;1*; 42&#215;2<\/p>\n","protected":false},"featured_media":22544,"comment_status":"closed","ping_status":"open","template":"","meta":{"_acf_changed":false},"product_brand":[],"product_cat":[1210],"product_tag":[],"class_list":{"0":"post-26257","1":"product","2":"type-product","3":"status-publish","4":"has-post-thumbnail","6":"product_cat-baldu-krastai","8":"first","9":"instock","10":"product-type-simple"},"acf":[],"_links":{"self":[{"href":"https:\/\/www.maag-polska.pl\/lt\/wp-json\/wp\/v2\/product\/26257","targetHints":{"allow":["GET"]}}],"collection":[{"href":"https:\/\/www.maag-polska.pl\/lt\/wp-json\/wp\/v2\/product"}],"about":[{"href":"https:\/\/www.maag-polska.pl\/lt\/wp-json\/wp\/v2\/types\/product"}],"replies":[{"embeddable":true,"href":"https:\/\/www.maag-polska.pl\/lt\/wp-json\/wp\/v2\/comments?post=26257"}],"wp:featuredmedia":[{"embeddable":true,"href":"https:\/\/www.maag-polska.pl\/lt\/wp-json\/wp\/v2\/media\/22544"}],"wp:attachment":[{"href":"https:\/\/www.maag-polska.pl\/lt\/wp-json\/wp\/v2\/media?parent=26257"}],"wp:term":[{"taxonomy":"product_brand","embeddable":true,"href":"https:\/\/www.maag-polska.pl\/lt\/wp-json\/wp\/v2\/product_brand?post=26257"},{"taxonomy":"product_cat","embeddable":true,"href":"https:\/\/www.maag-polska.pl\/lt\/wp-json\/wp\/v2\/product_cat?post=26257"},{"taxonomy":"product_tag","embeddable":true,"href":"https:\/\/www.maag-polska.pl\/lt\/wp-json\/wp\/v2\/product_tag?post=26257"}],"curies":[{"name":"wp","href":"https:\/\/api.w.org\/{rel}","templated":true}]}}