{"id":26247,"date":"2025-09-01T08:31:12","date_gmt":"2025-09-01T08:31:12","guid":{"rendered":"https:\/\/www.maag-polska.pl\/obrzeza-meblowe\/d29-1-calabria-ash\/"},"modified":"2025-09-01T09:05:04","modified_gmt":"2025-09-01T09:05:04","slug":"d29-1-calabria-ash","status":"publish","type":"product","link":"https:\/\/www.maag-polska.pl\/lt\/obrzeza-meblowe\/d29-1-calabria-ash\/","title":{"rendered":"Bald\u0173 kra\u0161tai D29\/1 CALABRIA ASH"},"content":{"rendered":"<div>\n<p>\u0160i PVC kra\u0161t\u0173 juosta, fiksuojanti \u0161iltus, patrauklius Kalabrijos pelen\u0173 tonus, suteikia rafinuot\u0105, \u012f medien\u0105 pana\u0161i\u0105 apdail\u0105, kuri skland\u017eiai dera su \u0161iuolaikini\u0173 bald\u0173 dizainu. Kruop\u0161\u010diai sukurta pavir\u0161iaus tekst\u016bra ir gr\u016bd\u0117tumo ra\u0161tas sukuria nat\u016bral\u0173 lyt\u0117jimo poj\u016bt\u012f, o spalvos stabilumas u\u017etikrina nuosekl\u0173 atitikim\u0105 j\u016bs\u0173 lentos med\u017eiagoms. Gryno PVC kompozicija laikui b\u0117gant i\u0161laiko savo nesugadint\u0105 i\u0161vaizd\u0105 ir si\u016blo eleganti\u0161k\u0105 sprendim\u0105 auk\u0161\u010diausios kokyb\u0117s bald\u0173 kra\u0161tams.<\/p>\n<p>\u0160i universali kra\u0161t\u0173 juosta puikiai tinka tiek gyvenamosioms, tiek komercin\u0117ms medienos apdirbimo reikm\u0117ms, pasi\u017eyminti padidintu atsparumu UV spinduliams, kad b\u016bt\u0173 i\u0161saugotos spalvos. Jo optimizuota strukt\u016bra leid\u017eia tiksliai apdoroti su minimaliu atliek\u0173 kiekiu, tod\u0117l idealiai tinka bald\u0173 kra\u0161tams, spinteli\u0173 apdailai ir individualiems frezavimo darbams. Med\u017eiagos ilgaam\u017ei\u0161kumas atlaiko kasdien\u012f d\u0117v\u0117jim\u0105si, i\u0161laikant estetin\u012f patrauklum\u0105, o tai b\u016btina \u012f kokyb\u0119 orientuotoms medienos apdirbimo med\u017eiagoms. Puikiai tinka lentyn\u0173, spinteli\u0173 ir \u0161iuolaikini\u0173 bald\u0173 kra\u0161t\u0173 apdailai, kur svarbu ir gro\u017eis, ir ilgaam\u017ei\u0161kumas.<\/p>\n<\/div>\n","protected":false},"excerpt":{"rendered":"<p>22&#215;0,6; 22&#215;1; 22&#215;2; 28&#215;2*; 32&#215;2*; 35&#215;1*; 42&#215;2<\/p>\n","protected":false},"featured_media":22522,"comment_status":"closed","ping_status":"open","template":"","meta":{"_acf_changed":false},"product_brand":[],"product_cat":[1210],"product_tag":[],"class_list":{"0":"post-26247","1":"product","2":"type-product","3":"status-publish","4":"has-post-thumbnail","6":"product_cat-baldu-krastai","8":"first","9":"instock","10":"product-type-simple"},"acf":[],"_links":{"self":[{"href":"https:\/\/www.maag-polska.pl\/lt\/wp-json\/wp\/v2\/product\/26247","targetHints":{"allow":["GET"]}}],"collection":[{"href":"https:\/\/www.maag-polska.pl\/lt\/wp-json\/wp\/v2\/product"}],"about":[{"href":"https:\/\/www.maag-polska.pl\/lt\/wp-json\/wp\/v2\/types\/product"}],"replies":[{"embeddable":true,"href":"https:\/\/www.maag-polska.pl\/lt\/wp-json\/wp\/v2\/comments?post=26247"}],"wp:featuredmedia":[{"embeddable":true,"href":"https:\/\/www.maag-polska.pl\/lt\/wp-json\/wp\/v2\/media\/22522"}],"wp:attachment":[{"href":"https:\/\/www.maag-polska.pl\/lt\/wp-json\/wp\/v2\/media?parent=26247"}],"wp:term":[{"taxonomy":"product_brand","embeddable":true,"href":"https:\/\/www.maag-polska.pl\/lt\/wp-json\/wp\/v2\/product_brand?post=26247"},{"taxonomy":"product_cat","embeddable":true,"href":"https:\/\/www.maag-polska.pl\/lt\/wp-json\/wp\/v2\/product_cat?post=26247"},{"taxonomy":"product_tag","embeddable":true,"href":"https:\/\/www.maag-polska.pl\/lt\/wp-json\/wp\/v2\/product_tag?post=26247"}],"curies":[{"name":"wp","href":"https:\/\/api.w.org\/{rel}","templated":true}]}}