{"id":26231,"date":"2025-09-01T08:30:51","date_gmt":"2025-09-01T08:30:51","guid":{"rendered":"https:\/\/www.maag-polska.pl\/obrzeza-meblowe\/d2-2-calvados-pear\/"},"modified":"2025-09-01T09:04:49","modified_gmt":"2025-09-01T09:04:49","slug":"d2-2-calvados-pear","status":"publish","type":"product","link":"https:\/\/www.maag-polska.pl\/lt\/obrzeza-meblowe\/d2-2-calvados-pear\/","title":{"rendered":"Bald\u0173 kra\u0161tai D2\/2 CALVADOS PEAR"},"content":{"rendered":"<div>\n<p>\u012ekv\u0117ptas \u0161ilt\u0173, auksini\u0173 Calvados brend\u017eio atspalvi\u0173, \u0161i D2\/2 GRUSZA PVC kra\u0161t\u0173 juostel\u0117 atspindi auk\u0161\u010diausios kokyb\u0117s kriau\u0161i\u0173 medienos gr\u016bd\u0173 esm\u0119. Kruop\u0161\u010diai sukurta pavir\u0161iaus tekst\u016bra ir turtingos spalv\u0173 variacijos sukuria rafinuot\u0105 apdail\u0105, kuri skland\u017eiai susilieja su j\u016bs\u0173 bald\u0173 kra\u0161tais. Kiekviena juostel\u0117 i\u0161laiko i\u0161skirtin\u012f spalvos stabilum\u0105 esant \u012fvairioms ap\u0161vietimo s\u0105lygoms, o UV atspari formul\u0117 apsaugo nuo pageltimo ar blukimo laikui b\u0117gant.<\/p>\n<p>Pagaminta i\u0161 gryno PVC, \u0161i profesionali medienos apdirbimo med\u017eiaga u\u017etikrina i\u0161skirtin\u012f universalum\u0105 bald\u0173 gamybos srityse. Tikslus 2 mm storio kra\u0161tin\u0117s juostos u\u017etikrina \u0161varius, sm\u016bgiams atsparius spinteli\u0173, lentyn\u0173 ir komercini\u0173 \u012frengini\u0173 kra\u0161tus. Jo optimizuota sud\u0117tis leid\u017eia efektyviai apdoroti su minimaliu atliek\u0173 kiekiu, i\u0161laikant puikias sukibimo savybes. \u0160is bald\u0173 briaun\u0173 sprendimas puikiai tinka tiek tiesiems, tiek lenktiems kra\u0161tams, sujungia prakti\u0161k\u0105 patvarum\u0105 ir rafinuot\u0105 estetik\u0105.<\/p>\n<\/div>\n","protected":false},"excerpt":{"rendered":"<p>22&#215;0,6; 22&#215;1; 22&#215;2; 28&#215;0,6*; 28&#215;2*; 32&#215;2*; 35&#215;1*; 42&#215;2<\/p>\n","protected":false},"featured_media":21632,"comment_status":"closed","ping_status":"open","template":"","meta":{"_acf_changed":false},"product_brand":[],"product_cat":[1210],"product_tag":[],"class_list":{"0":"post-26231","1":"product","2":"type-product","3":"status-publish","4":"has-post-thumbnail","6":"product_cat-baldu-krastai","8":"first","9":"instock","10":"product-type-simple"},"acf":[],"_links":{"self":[{"href":"https:\/\/www.maag-polska.pl\/lt\/wp-json\/wp\/v2\/product\/26231","targetHints":{"allow":["GET"]}}],"collection":[{"href":"https:\/\/www.maag-polska.pl\/lt\/wp-json\/wp\/v2\/product"}],"about":[{"href":"https:\/\/www.maag-polska.pl\/lt\/wp-json\/wp\/v2\/types\/product"}],"replies":[{"embeddable":true,"href":"https:\/\/www.maag-polska.pl\/lt\/wp-json\/wp\/v2\/comments?post=26231"}],"wp:featuredmedia":[{"embeddable":true,"href":"https:\/\/www.maag-polska.pl\/lt\/wp-json\/wp\/v2\/media\/21632"}],"wp:attachment":[{"href":"https:\/\/www.maag-polska.pl\/lt\/wp-json\/wp\/v2\/media?parent=26231"}],"wp:term":[{"taxonomy":"product_brand","embeddable":true,"href":"https:\/\/www.maag-polska.pl\/lt\/wp-json\/wp\/v2\/product_brand?post=26231"},{"taxonomy":"product_cat","embeddable":true,"href":"https:\/\/www.maag-polska.pl\/lt\/wp-json\/wp\/v2\/product_cat?post=26231"},{"taxonomy":"product_tag","embeddable":true,"href":"https:\/\/www.maag-polska.pl\/lt\/wp-json\/wp\/v2\/product_tag?post=26231"}],"curies":[{"name":"wp","href":"https:\/\/api.w.org\/{rel}","templated":true}]}}