{"id":26224,"date":"2025-09-01T08:30:51","date_gmt":"2025-09-01T08:30:51","guid":{"rendered":"https:\/\/www.maag-polska.pl\/obrzeza-meblowe\/d15-2-zebrano-negro\/"},"modified":"2025-09-01T09:04:45","modified_gmt":"2025-09-01T09:04:45","slug":"d15-2-zebrano-negro","status":"publish","type":"product","link":"https:\/\/www.maag-polska.pl\/lt\/obrzeza-meblowe\/d15-2-zebrano-negro\/","title":{"rendered":"Bald\u0173 kra\u0161tai D15\/2 ZEBRANO NEGRO"},"content":{"rendered":"<div>\n<p>Profesionalios PVC kra\u0161t\u0173 juostos i\u0161 D15\/2 ZEBRANO NEGRO u\u017etikrina i\u0161skirtin\u012f atsparum\u0105 kasdieniam nusid\u0117v\u0117jimui ir aplinkos veiksniams. \u0160i gryna PVC medienos apdirbimo med\u017eiaga i\u0161laiko savo \u012fsp\u016bding\u0105 i\u0161vaizd\u0105 d\u0117l UV poveikio ir temperat\u016bros svyravim\u0173, tod\u0117l ji idealiai tinka intensyvaus eismo komercin\u0117ms patalpoms. Specializuota kompozicija u\u017etikrina spalvos stabilum\u0105 ir apsaugo nuo pageltimo, o sm\u016bgiams atspari konstrukcija apsaugo bald\u0173 kra\u0161tus nuo dro\u017eli\u0173 ir \u012flenkim\u0173.<\/p>\n<p>Pakeiskite savo bald\u0173 projektus naudodami \u0161i\u0105 patogi\u0105 kra\u0161t\u0173 juost\u0105, kuri supaprastina apdailos proces\u0105. Optimizuotas lipnus sluoksnis greitai aktyvuojasi esant standartinei apdorojimo temperat\u016brai, tod\u0117l sutrump\u0117ja dengimo laikas ir sutrump\u0117ja med\u017eiagos \u0161vaistymas. Puikiai tinka tiek rankin\u0117ms, tiek automatin\u0117ms sistemoms, \u0161i PVC kra\u0161t\u0173 juosta pjauna \u0161variai ir be pastang\u0173, tod\u0117l medienos apdirb\u0117jai gali pasiekti profesionali\u0173 rezultat\u0173 su minimaliomis pastangomis. Tikslus spalv\u0173 derinimas su Zebrano Negro pavir\u0161iais u\u017etikrina skland\u0173 integravim\u0105 su j\u016bs\u0173 baldais.<\/p>\n<\/div>\n","protected":false},"excerpt":{"rendered":"<p>22&#215;0,6<\/p>\n","protected":false},"featured_media":21611,"comment_status":"closed","ping_status":"open","template":"","meta":{"_acf_changed":false},"product_brand":[],"product_cat":[1210],"product_tag":[],"class_list":{"0":"post-26224","1":"product","2":"type-product","3":"status-publish","4":"has-post-thumbnail","6":"product_cat-baldu-krastai","8":"first","9":"instock","10":"product-type-simple"},"acf":[],"_links":{"self":[{"href":"https:\/\/www.maag-polska.pl\/lt\/wp-json\/wp\/v2\/product\/26224","targetHints":{"allow":["GET"]}}],"collection":[{"href":"https:\/\/www.maag-polska.pl\/lt\/wp-json\/wp\/v2\/product"}],"about":[{"href":"https:\/\/www.maag-polska.pl\/lt\/wp-json\/wp\/v2\/types\/product"}],"replies":[{"embeddable":true,"href":"https:\/\/www.maag-polska.pl\/lt\/wp-json\/wp\/v2\/comments?post=26224"}],"wp:featuredmedia":[{"embeddable":true,"href":"https:\/\/www.maag-polska.pl\/lt\/wp-json\/wp\/v2\/media\/21611"}],"wp:attachment":[{"href":"https:\/\/www.maag-polska.pl\/lt\/wp-json\/wp\/v2\/media?parent=26224"}],"wp:term":[{"taxonomy":"product_brand","embeddable":true,"href":"https:\/\/www.maag-polska.pl\/lt\/wp-json\/wp\/v2\/product_brand?post=26224"},{"taxonomy":"product_cat","embeddable":true,"href":"https:\/\/www.maag-polska.pl\/lt\/wp-json\/wp\/v2\/product_cat?post=26224"},{"taxonomy":"product_tag","embeddable":true,"href":"https:\/\/www.maag-polska.pl\/lt\/wp-json\/wp\/v2\/product_tag?post=26224"}],"curies":[{"name":"wp","href":"https:\/\/api.w.org\/{rel}","templated":true}]}}