{"id":26212,"date":"2025-09-01T08:30:32","date_gmt":"2025-09-01T08:30:32","guid":{"rendered":"https:\/\/www.maag-polska.pl\/obrzeza-meblowe\/d11-2-platinum\/"},"modified":"2025-09-01T09:04:34","modified_gmt":"2025-09-01T09:04:34","slug":"d11-2-platinum","status":"publish","type":"product","link":"https:\/\/www.maag-polska.pl\/lt\/obrzeza-meblowe\/d11-2-platinum\/","title":{"rendered":"Bald\u0173 kra\u0161tai D11\/2 PLATINUM"},"content":{"rendered":"<div>\n<p>Profesionalios PVC kra\u0161tin\u0117s juostos, pagamintos i\u0161 pa\u017eangi\u0173 UV spinduliams atspari\u0173 jungini\u0173, u\u017etikrina i\u0161skirtin\u012f patvarum\u0105 intensyvaus eismo aplinkoje. \u0160i gryna PVC medienos apdirbimo med\u017eiaga i\u0161laiko savo strukt\u016brin\u012f vientisum\u0105 ir spalvos stabilum\u0105 net esant intensyviai saul\u0117s \u0161viesai. D11\/2 PLATINUM serija pasi\u017eymi padidintu atsparumu sm\u016bgiams, tod\u0117l idealiai tinka bald\u0173 kra\u0161tams, kurie susiduria su nuolatiniu naudojimu ir aplinkosaugos i\u0161\u0161\u016bkiais.<\/p>\n<p>Pakeiskite savo bald\u0173 apdailos proces\u0105 naudodami \u0161i\u0105 greitai u\u017ededam\u0105 kra\u0161t\u0173 juost\u0105, kuri sutrumpina montavimo laik\u0105 iki 40%. Tiksliai sukalibruotas storis u\u017etikrina skland\u0173 apdorojim\u0105 su minimaliomis atliekomis, o specializuotas lipnus sluoksnis greitai aktyvuojasi esant optimaliai temperat\u016brai. Puikiai tinka medienos apdirbimo profesionalams, vertinantiems efektyvum\u0105 nenusileid\u017eiant kokybei. \u0160i PVC briaun\u0173 juosta pa\u0161alina papildomo pavir\u0161iaus apdorojimo poreik\u012f.<\/p>\n<\/div>\n","protected":false},"excerpt":{"rendered":"<p>22&#215;0,6; 22&#215;1; 22&#215;2; 32&#215;2*; 35&#215;1*; 42&#215;2<\/p>\n","protected":false},"featured_media":21575,"comment_status":"closed","ping_status":"open","template":"","meta":{"_acf_changed":false},"product_brand":[],"product_cat":[1210],"product_tag":[],"class_list":{"0":"post-26212","1":"product","2":"type-product","3":"status-publish","4":"has-post-thumbnail","6":"product_cat-baldu-krastai","8":"first","9":"instock","10":"product-type-simple"},"acf":[],"_links":{"self":[{"href":"https:\/\/www.maag-polska.pl\/lt\/wp-json\/wp\/v2\/product\/26212","targetHints":{"allow":["GET"]}}],"collection":[{"href":"https:\/\/www.maag-polska.pl\/lt\/wp-json\/wp\/v2\/product"}],"about":[{"href":"https:\/\/www.maag-polska.pl\/lt\/wp-json\/wp\/v2\/types\/product"}],"replies":[{"embeddable":true,"href":"https:\/\/www.maag-polska.pl\/lt\/wp-json\/wp\/v2\/comments?post=26212"}],"wp:featuredmedia":[{"embeddable":true,"href":"https:\/\/www.maag-polska.pl\/lt\/wp-json\/wp\/v2\/media\/21575"}],"wp:attachment":[{"href":"https:\/\/www.maag-polska.pl\/lt\/wp-json\/wp\/v2\/media?parent=26212"}],"wp:term":[{"taxonomy":"product_brand","embeddable":true,"href":"https:\/\/www.maag-polska.pl\/lt\/wp-json\/wp\/v2\/product_brand?post=26212"},{"taxonomy":"product_cat","embeddable":true,"href":"https:\/\/www.maag-polska.pl\/lt\/wp-json\/wp\/v2\/product_cat?post=26212"},{"taxonomy":"product_tag","embeddable":true,"href":"https:\/\/www.maag-polska.pl\/lt\/wp-json\/wp\/v2\/product_tag?post=26212"}],"curies":[{"name":"wp","href":"https:\/\/api.w.org\/{rel}","templated":true}]}}