{"id":26190,"date":"2025-09-01T08:30:12","date_gmt":"2025-09-01T08:30:12","guid":{"rendered":"https:\/\/www.maag-polska.pl\/obrzeza-meblowe\/334-ice-grey\/"},"modified":"2025-09-01T09:04:15","modified_gmt":"2025-09-01T09:04:15","slug":"334-ice-grey","status":"publish","type":"product","link":"https:\/\/www.maag-polska.pl\/lt\/obrzeza-meblowe\/334-ice-grey\/","title":{"rendered":"Bald\u0173 kra\u0161tai 334 ICE GREY"},"content":{"rendered":"<div>\n<p>Profesionali PVC kra\u0161t\u0173 juosta i\u0161 ICE GRAY (334 LODOWA SZARO\u015a\u0106) suteikia i\u0161skirtin\u012f atsparum\u0105 kasdieniam nusid\u0117v\u0117jimui ir aplinkos veiksniams. \u0160i gryna PVC medienos apdirbimo med\u017eiaga i\u0161laiko savo strukt\u016brin\u012f vientisum\u0105 net intensyviai naudojant, pasi\u017eyminti patobulinta UV apsauga, kuri apsaugo nuo spalvos blukimo ir spalvos pasikeitimo. Tvirta kra\u0161t\u0173 juostos sud\u0117tis atlaiko sm\u016bgius, dr\u0117gm\u0119 ir temperat\u016bros svyravimus, tuo pa\u010diu u\u017etikrinant ilgalaik\u012f bald\u0173 spalvos stabilum\u0105.<\/p>\n<p>Supaprastinkite savo bald\u0173 gamyb\u0105 naudodami \u0161i\u0105 tiksliai suprojektuot\u0105 kra\u0161t\u0173 juost\u0105, kuri skland\u017eiai prilimpa prie lentos kra\u0161t\u0173. Optimizuotas \u0161ios PVC kra\u0161t\u0173 juostos storis ir lankstumas leid\u017eia greitai apdoroti ir su minimaliu atliek\u0173 kiekiu, tod\u0117l jis idealiai tinka tiek tiesioms, tiek lenktoms reikm\u0117ms. Jo pastovi kokyb\u0117 ir matmen\u0173 stabilumas u\u017etikrina patikimus rezultatus apdorojant ma\u0161inomis, suma\u017einant gamybos laik\u0105 ir i\u0161laikant profesionalaus lygio apdailos standartus.<\/p>\n<\/div>\n","protected":false},"excerpt":{"rendered":"<p>22&#215;0,8<\/p>\n","protected":false},"featured_media":21509,"comment_status":"closed","ping_status":"open","template":"","meta":{"_acf_changed":false},"product_brand":[],"product_cat":[1210],"product_tag":[],"class_list":{"0":"post-26190","1":"product","2":"type-product","3":"status-publish","4":"has-post-thumbnail","6":"product_cat-baldu-krastai","8":"first","9":"instock","10":"product-type-simple"},"acf":[],"_links":{"self":[{"href":"https:\/\/www.maag-polska.pl\/lt\/wp-json\/wp\/v2\/product\/26190","targetHints":{"allow":["GET"]}}],"collection":[{"href":"https:\/\/www.maag-polska.pl\/lt\/wp-json\/wp\/v2\/product"}],"about":[{"href":"https:\/\/www.maag-polska.pl\/lt\/wp-json\/wp\/v2\/types\/product"}],"replies":[{"embeddable":true,"href":"https:\/\/www.maag-polska.pl\/lt\/wp-json\/wp\/v2\/comments?post=26190"}],"wp:featuredmedia":[{"embeddable":true,"href":"https:\/\/www.maag-polska.pl\/lt\/wp-json\/wp\/v2\/media\/21509"}],"wp:attachment":[{"href":"https:\/\/www.maag-polska.pl\/lt\/wp-json\/wp\/v2\/media?parent=26190"}],"wp:term":[{"taxonomy":"product_brand","embeddable":true,"href":"https:\/\/www.maag-polska.pl\/lt\/wp-json\/wp\/v2\/product_brand?post=26190"},{"taxonomy":"product_cat","embeddable":true,"href":"https:\/\/www.maag-polska.pl\/lt\/wp-json\/wp\/v2\/product_cat?post=26190"},{"taxonomy":"product_tag","embeddable":true,"href":"https:\/\/www.maag-polska.pl\/lt\/wp-json\/wp\/v2\/product_tag?post=26190"}],"curies":[{"name":"wp","href":"https:\/\/api.w.org\/{rel}","templated":true}]}}