{"id":26185,"date":"2025-09-01T08:30:12","date_gmt":"2025-09-01T08:30:12","guid":{"rendered":"https:\/\/www.maag-polska.pl\/obrzeza-meblowe\/329-breeze-beige\/"},"modified":"2025-09-01T09:04:12","modified_gmt":"2025-09-01T09:04:12","slug":"329-breeze-beige","status":"publish","type":"product","link":"https:\/\/www.maag-polska.pl\/lt\/obrzeza-meblowe\/329-breeze-beige\/","title":{"rendered":"Bald\u0173 kra\u0161tai 329 BREEZE BEIGE"},"content":{"rendered":"<div>\n<p>\u201eBreeze Beige\u201c kra\u0161t\u0173 juostel\u0117 atspindi \u0161ilt\u0173 neutrali\u0173 atspalvi\u0173 esm\u0119 savo rafinuotu sm\u0117lio tonu, si\u016blydama vientis\u0105 nat\u016bralios elegancijos ir \u0161iuolaiki\u0161ko dizaino derin\u012f. \u0160i PVC kra\u0161t\u0173 juosta pasi\u017eymi kruop\u0161\u010diai sukalibruotu spalv\u0173 profiliu, kuris puikiai dera su \u0161iuolaikine bald\u0173 apdaila ir sukuria vientis\u0105 vizualin\u012f sraut\u0105 j\u016bs\u0173 med\u017eio apdirbimo projektuose. Pavir\u0161iaus tekst\u016bra pasi\u017eymi subtilia mamine apdaila, kuri sustiprina autenti\u0161k\u0105 med\u017eio i\u0161vaizd\u0105, i\u0161laikant spalvos nuoseklum\u0105.<\/p>\n<p>Pagaminta i\u0161 gryno PVC, \u0161i universali kra\u0161t\u0173 juosta puikiai tinka tiek gyvenamosioms, tiek komercin\u0117ms reikm\u0117ms, nuo virtuv\u0117s spinteli\u0173 iki biuro bald\u0173. Med\u017eiagos UV spinduliams atsparios savyb\u0117s u\u017etikrina ilgalaik\u012f spalvos stabilum\u0105, o d\u0117l sm\u016bgiams atsparios sud\u0117ties ji idealiai tinka intensyvaus eismo vietose. Profesionalios medienos apdirbimo med\u017eiagos, tokios kaip \u0161i, u\u017etikrina lengv\u0105 apdirbim\u0105 ir minimal\u0173 atliek\u0173 kiek\u012f, tod\u0117l galima tiksliai u\u017etepti ant tiesi\u0173 kra\u0161t\u0173 ir lenkt\u0173 pavir\u0161i\u0173. Baldo briauna i\u0161laiko savo strukt\u016brin\u012f vientisum\u0105 ir estetin\u012f patrauklum\u0105 net ir sud\u0117tingomis s\u0105lygomis, tod\u0117l tai yra patikimas pasirinkimas ilgalaikiams bald\u0173 apdailos projektams.<\/p>\n<\/div>\n","protected":false},"excerpt":{"rendered":"<p>22&#215;0,8<\/p>\n","protected":false},"featured_media":21494,"comment_status":"closed","ping_status":"open","template":"","meta":{"_acf_changed":false},"product_brand":[],"product_cat":[1210],"product_tag":[],"class_list":{"0":"post-26185","1":"product","2":"type-product","3":"status-publish","4":"has-post-thumbnail","6":"product_cat-baldu-krastai","8":"first","9":"instock","10":"product-type-simple"},"acf":[],"_links":{"self":[{"href":"https:\/\/www.maag-polska.pl\/lt\/wp-json\/wp\/v2\/product\/26185","targetHints":{"allow":["GET"]}}],"collection":[{"href":"https:\/\/www.maag-polska.pl\/lt\/wp-json\/wp\/v2\/product"}],"about":[{"href":"https:\/\/www.maag-polska.pl\/lt\/wp-json\/wp\/v2\/types\/product"}],"replies":[{"embeddable":true,"href":"https:\/\/www.maag-polska.pl\/lt\/wp-json\/wp\/v2\/comments?post=26185"}],"wp:featuredmedia":[{"embeddable":true,"href":"https:\/\/www.maag-polska.pl\/lt\/wp-json\/wp\/v2\/media\/21494"}],"wp:attachment":[{"href":"https:\/\/www.maag-polska.pl\/lt\/wp-json\/wp\/v2\/media?parent=26185"}],"wp:term":[{"taxonomy":"product_brand","embeddable":true,"href":"https:\/\/www.maag-polska.pl\/lt\/wp-json\/wp\/v2\/product_brand?post=26185"},{"taxonomy":"product_cat","embeddable":true,"href":"https:\/\/www.maag-polska.pl\/lt\/wp-json\/wp\/v2\/product_cat?post=26185"},{"taxonomy":"product_tag","embeddable":true,"href":"https:\/\/www.maag-polska.pl\/lt\/wp-json\/wp\/v2\/product_tag?post=26185"}],"curies":[{"name":"wp","href":"https:\/\/api.w.org\/{rel}","templated":true}]}}