{"id":24641,"date":"2025-09-01T08:33:22","date_gmt":"2025-09-01T08:33:22","guid":{"rendered":"https:\/\/www.maag-polska.pl\/obrzeza-meblowe\/d8-1-walnut\/"},"modified":"2025-09-01T08:49:01","modified_gmt":"2025-09-01T08:49:01","slug":"d8-1-walnut","status":"publish","type":"product","link":"https:\/\/www.maag-polska.pl\/de\/obrzeza-meblowe\/d8-1-walnut\/","title":{"rendered":"Kanten von M\u00f6beln D8\/1 WALNUT"},"content":{"rendered":"<div>\n<p>Das PVC-Kantenband D8\/1 ORZECH setzt neue Ma\u00dfst\u00e4be in Sachen Langlebigkeit. Als hochwertiges Schreinerzubeh\u00f6r \u00fcberzeugt es durch seine au\u00dfergew\u00f6hnliche UV-Best\u00e4ndigkeit und beh\u00e4lt seine charakteristische Farbgebung auch nach Jahren intensiver Nutzung bei. Die aus reinem PVC gefertigte M\u00f6belkante widersteht problemlos allt\u00e4glichen Belastungen wie St\u00f6\u00dfen und Kratzern. Dank der robusten Materialbeschaffenheit eignet sich dieses Kantenband besonders f\u00fcr stark frequentierte M\u00f6belst\u00fccke im gewerblichen und privaten Bereich.<\/p>\n<p>Die durchdachte Materialkomposition erm\u00f6glicht eine zeitsparende Verarbeitung ohne aufwendige Vorbereitungen. Der minimale Verschnitt bei der Montage sorgt f\u00fcr eine wirtschaftliche Nutzung des Materials. Die pr\u00e4zise Kantenbandgeometrie garantiert eine passgenaue Verarbeitung an allen g\u00e4ngigen Kantenanleimmaschinen. Selbst bei manueller Verarbeitung \u00fcberzeugt das Kantenband durch seine ausgezeichnete Handhabung und erm\u00f6glicht saubere Arbeitsergebnisse in k\u00fcrzester Zeit.<\/p>\n<\/div>\n","protected":false},"excerpt":{"rendered":"<p>22&#215;0,6; 22&#215;1; 22&#215;2; 28&#215;1*; 28&#215;2*; 32&#215;2*; 35&#215;1*; 42&#215;2<\/p>\n","protected":false},"featured_media":15147,"comment_status":"closed","ping_status":"open","template":"","meta":{"_acf_changed":false},"product_brand":[],"product_cat":[923],"product_tag":[],"class_list":{"0":"post-24641","1":"product","2":"type-product","3":"status-publish","4":"has-post-thumbnail","6":"product_cat-kanten-von-mobeln","8":"first","9":"instock","10":"product-type-simple"},"acf":[],"_links":{"self":[{"href":"https:\/\/www.maag-polska.pl\/de\/wp-json\/wp\/v2\/product\/24641","targetHints":{"allow":["GET"]}}],"collection":[{"href":"https:\/\/www.maag-polska.pl\/de\/wp-json\/wp\/v2\/product"}],"about":[{"href":"https:\/\/www.maag-polska.pl\/de\/wp-json\/wp\/v2\/types\/product"}],"replies":[{"embeddable":true,"href":"https:\/\/www.maag-polska.pl\/de\/wp-json\/wp\/v2\/comments?post=24641"}],"wp:featuredmedia":[{"embeddable":true,"href":"https:\/\/www.maag-polska.pl\/de\/wp-json\/wp\/v2\/media\/15147"}],"wp:attachment":[{"href":"https:\/\/www.maag-polska.pl\/de\/wp-json\/wp\/v2\/media?parent=24641"}],"wp:term":[{"taxonomy":"product_brand","embeddable":true,"href":"https:\/\/www.maag-polska.pl\/de\/wp-json\/wp\/v2\/product_brand?post=24641"},{"taxonomy":"product_cat","embeddable":true,"href":"https:\/\/www.maag-polska.pl\/de\/wp-json\/wp\/v2\/product_cat?post=24641"},{"taxonomy":"product_tag","embeddable":true,"href":"https:\/\/www.maag-polska.pl\/de\/wp-json\/wp\/v2\/product_tag?post=24641"}],"curies":[{"name":"wp","href":"https:\/\/api.w.org\/{rel}","templated":true}]}}